{"id":1488,"date":"2020-10-14T13:14:42","date_gmt":"2020-10-14T11:14:42","guid":{"rendered":"https:\/\/casadelacorte.evolucion.center\/?page_id=1488"},"modified":"2024-01-17T13:21:33","modified_gmt":"2024-01-17T12:21:33","slug":"hospederia-de-la-corte-fotos","status":"publish","type":"page","link":"https:\/\/casadelacorte.evolucion.center\/?page_id=1488","title":{"rendered":"Hospeder\u00eda de la Corte. Fotos"},"content":{"rendered":"\t\t<div data-elementor-type=\"wp-page\" data-elementor-id=\"1488\" class=\"elementor elementor-1488\">\n\t\t\t\t\t\t<section class=\"elementor-section elementor-top-section elementor-element elementor-element-341b1f37 elementor-section-content-middle elementor-section-boxed elementor-section-height-default elementor-section-height-default\" data-id=\"341b1f37\" data-element_type=\"section\" data-e-type=\"section\">\n\t\t\t\t\t\t<div class=\"elementor-container elementor-column-gap-no\">\n\t\t\t\t\t<div class=\"elementor-column elementor-col-100 elementor-top-column elementor-element elementor-element-5cc0ca6a\" data-id=\"5cc0ca6a\" data-element_type=\"column\" data-e-type=\"column\">\n\t\t\t<div class=\"elementor-widget-wrap elementor-element-populated\">\n\t\t\t\t\t\t<div class=\"elementor-element elementor-element-bacac86 elementor-widget elementor-widget-heading\" data-id=\"bacac86\" data-element_type=\"widget\" data-e-type=\"widget\" data-widget_type=\"heading.default\">\n\t\t\t\t<div class=\"elementor-widget-container\">\n\t\t\t\t\t<h4 class=\"elementor-heading-title elementor-size-default\">El lugar imaginado<\/h4>\t\t\t\t<\/div>\n\t\t\t\t<\/div>\n\t\t\t\t<div class=\"elementor-element elementor-element-5e6d6c84 elementor-widget elementor-widget-image-gallery\" data-id=\"5e6d6c84\" data-element_type=\"widget\" data-e-type=\"widget\" data-widget_type=\"image-gallery.default\">\n\t\t\t\t<div class=\"elementor-widget-container\">\n\t\t\t\t\t\t\t<div class=\"elementor-image-gallery\">\n\t\t\t<div id='gallery-1' class='gallery galleryid-1488 gallery-columns-3 gallery-size-medium'><figure class='gallery-item'>\n\t\t\t<div class='gallery-icon portrait'>\n\t\t\t\t<a data-elementor-open-lightbox=\"yes\" data-elementor-lightbox-slideshow=\"5e6d6c84\" data-elementor-lightbox-title=\"Sal\u00f3n de eventos\" data-e-action-hash=\"#elementor-action%3Aaction%3Dlightbox%26settings%3DeyJpZCI6MTkwOSwidXJsIjoiaHR0cHM6XC9cL2Nhc2FkZWxhY29ydGUuZXZvbHVjaW9uLmNlbnRlclwvd3AtY29udGVudFwvdXBsb2Fkc1wvMjAyMlwvMTJcL3NhbGEtZGUteW9nYS1udWV2YS0xLmpwZyIsInNsaWRlc2hvdyI6IjVlNmQ2Yzg0In0%3D\" href='https:\/\/casadelacorte.evolucion.center\/wp-content\/uploads\/2022\/12\/sala-de-yoga-nueva-1.jpg'><img fetchpriority=\"high\" decoding=\"async\" width=\"180\" height=\"300\" src=\"https:\/\/casadelacorte.evolucion.center\/wp-content\/uploads\/2022\/12\/sala-de-yoga-nueva-1-180x300.jpg\" class=\"attachment-medium size-medium\" alt=\"\" aria-describedby=\"gallery-1-1909\" srcset=\"https:\/\/casadelacorte.evolucion.center\/wp-content\/uploads\/2022\/12\/sala-de-yoga-nueva-1-180x300.jpg 180w, https:\/\/casadelacorte.evolucion.center\/wp-content\/uploads\/2022\/12\/sala-de-yoga-nueva-1.jpg 615w\" sizes=\"(max-width: 180px) 100vw, 180px\" \/><\/a>\n\t\t\t<\/div>\n\t\t\t\t<figcaption class='wp-caption-text gallery-caption' id='gallery-1-1909'>\n\t\t\t\tEl lugar perfecto para reuniones, son 80 m2 di\u00e1fanos\n\t\t\t\t<\/figcaption><\/figure><figure class='gallery-item'>\n\t\t\t<div class='gallery-icon landscape'>\n\t\t\t\t<a data-elementor-open-lightbox=\"yes\" data-elementor-lightbox-slideshow=\"5e6d6c84\" data-elementor-lightbox-title=\"Sal\u00f3n de billar\" data-e-action-hash=\"#elementor-action%3Aaction%3Dlightbox%26settings%3DeyJpZCI6MTgwMywidXJsIjoiaHR0cHM6XC9cL2Nhc2FkZWxhY29ydGUuZXZvbHVjaW9uLmNlbnRlclwvd3AtY29udGVudFwvdXBsb2Fkc1wvMjAyMlwvMTJcL3NhbGEtZGUtYmlsbGFyLTEuanBnIiwic2xpZGVzaG93IjoiNWU2ZDZjODQifQ%3D%3D\" href='https:\/\/casadelacorte.evolucion.center\/wp-content\/uploads\/2022\/12\/sala-de-billar-1.jpg'><img decoding=\"async\" width=\"300\" height=\"180\" src=\"https:\/\/casadelacorte.evolucion.center\/wp-content\/uploads\/2022\/12\/sala-de-billar-1-300x180.jpg\" class=\"attachment-medium size-medium\" alt=\"\" aria-describedby=\"gallery-1-1803\" srcset=\"https:\/\/casadelacorte.evolucion.center\/wp-content\/uploads\/2022\/12\/sala-de-billar-1-300x180.jpg 300w, https:\/\/casadelacorte.evolucion.center\/wp-content\/uploads\/2022\/12\/sala-de-billar-1-768x461.jpg 768w, https:\/\/casadelacorte.evolucion.center\/wp-content\/uploads\/2022\/12\/sala-de-billar-1.jpg 957w\" sizes=\"(max-width: 300px) 100vw, 300px\" \/><\/a>\n\t\t\t<\/div>\n\t\t\t\t<figcaption class='wp-caption-text gallery-caption' id='gallery-1-1803'>\n\t\t\t\tEl sal\u00f3n de billar&#8230; el de los grandes momentos!\n\t\t\t\t<\/figcaption><\/figure><figure class='gallery-item'>\n\t\t\t<div class='gallery-icon landscape'>\n\t\t\t\t<a data-elementor-open-lightbox=\"yes\" data-elementor-lightbox-slideshow=\"5e6d6c84\" data-elementor-lightbox-title=\"Sal\u00f3n comedor con chimenea\" data-e-action-hash=\"#elementor-action%3Aaction%3Dlightbox%26settings%3DeyJpZCI6MTgwNiwidXJsIjoiaHR0cHM6XC9cL2Nhc2FkZWxhY29ydGUuZXZvbHVjaW9uLmNlbnRlclwvd3AtY29udGVudFwvdXBsb2Fkc1wvMjAyMlwvMTJcL3NhbG9uLWRlLWxhLWNoaW1lbmVhLXJlZHVjaWRhLmpwZyIsInNsaWRlc2hvdyI6IjVlNmQ2Yzg0In0%3D\" href='https:\/\/casadelacorte.evolucion.center\/wp-content\/uploads\/2022\/12\/salon-de-la-chimenea-reducida.jpg'><img decoding=\"async\" width=\"300\" height=\"169\" src=\"https:\/\/casadelacorte.evolucion.center\/wp-content\/uploads\/2022\/12\/salon-de-la-chimenea-reducida-300x169.jpg\" class=\"attachment-medium size-medium\" alt=\"\" aria-describedby=\"gallery-1-1806\" srcset=\"https:\/\/casadelacorte.evolucion.center\/wp-content\/uploads\/2022\/12\/salon-de-la-chimenea-reducida-300x169.jpg 300w, https:\/\/casadelacorte.evolucion.center\/wp-content\/uploads\/2022\/12\/salon-de-la-chimenea-reducida-768x432.jpg 768w, https:\/\/casadelacorte.evolucion.center\/wp-content\/uploads\/2022\/12\/salon-de-la-chimenea-reducida.jpg 1024w\" sizes=\"(max-width: 300px) 100vw, 300px\" \/><\/a>\n\t\t\t<\/div>\n\t\t\t\t<figcaption class='wp-caption-text gallery-caption' id='gallery-1-1806'>\n\t\t\t\t\u00a1Simplemente disfrutad!\n\t\t\t\t<\/figcaption><\/figure><figure class='gallery-item'>\n\t\t\t<div class='gallery-icon landscape'>\n\t\t\t\t<a data-elementor-open-lightbox=\"yes\" data-elementor-lightbox-slideshow=\"5e6d6c84\" data-elementor-lightbox-title=\"Casa de la Corte Octubre 2020 1BAJA\" data-e-action-hash=\"#elementor-action%3Aaction%3Dlightbox%26settings%3DeyJpZCI6MTQ0NCwidXJsIjoiaHR0cHM6XC9cL2Nhc2FkZWxhY29ydGUuZXZvbHVjaW9uLmNlbnRlclwvd3AtY29udGVudFwvdXBsb2Fkc1wvMjAyMFwvMTBcL0Nhc2EtZGUtbGEtQ29ydGUtT2N0dWJyZS0yMDIwLTFCQUpBLmpwZyIsInNsaWRlc2hvdyI6IjVlNmQ2Yzg0In0%3D\" href='https:\/\/casadelacorte.evolucion.center\/wp-content\/uploads\/2020\/10\/Casa-de-la-Corte-Octubre-2020-1BAJA.jpg'><img loading=\"lazy\" decoding=\"async\" width=\"300\" height=\"169\" src=\"https:\/\/casadelacorte.evolucion.center\/wp-content\/uploads\/2020\/10\/Casa-de-la-Corte-Octubre-2020-1BAJA-300x169.jpg\" class=\"attachment-medium size-medium\" alt=\"\" aria-describedby=\"gallery-1-1444\" srcset=\"https:\/\/casadelacorte.evolucion.center\/wp-content\/uploads\/2020\/10\/Casa-de-la-Corte-Octubre-2020-1BAJA-300x169.jpg 300w, https:\/\/casadelacorte.evolucion.center\/wp-content\/uploads\/2020\/10\/Casa-de-la-Corte-Octubre-2020-1BAJA-768x432.jpg 768w, https:\/\/casadelacorte.evolucion.center\/wp-content\/uploads\/2020\/10\/Casa-de-la-Corte-Octubre-2020-1BAJA.jpg 1000w\" sizes=\"(max-width: 300px) 100vw, 300px\" \/><\/a>\n\t\t\t<\/div>\n\t\t\t\t<figcaption class='wp-caption-text gallery-caption' id='gallery-1-1444'>\n\t\t\t\tSala de televisi\u00f3n\n\t\t\t\t<\/figcaption><\/figure><figure class='gallery-item'>\n\t\t\t<div class='gallery-icon landscape'>\n\t\t\t\t<a data-elementor-open-lightbox=\"yes\" data-elementor-lightbox-slideshow=\"5e6d6c84\" data-elementor-lightbox-title=\"Comedot en plata baja\" data-e-action-hash=\"#elementor-action%3Aaction%3Dlightbox%26settings%3DeyJpZCI6MTkxMSwidXJsIjoiaHR0cHM6XC9cL2Nhc2FkZWxhY29ydGUuZXZvbHVjaW9uLmNlbnRlclwvd3AtY29udGVudFwvdXBsb2Fkc1wvMjAyMlwvMTJcLzE2NzAzMTI4Mjg4NTYuanBnIiwic2xpZGVzaG93IjoiNWU2ZDZjODQifQ%3D%3D\" href='https:\/\/casadelacorte.evolucion.center\/wp-content\/uploads\/2022\/12\/1670312828856.jpg'><img loading=\"lazy\" decoding=\"async\" width=\"300\" height=\"169\" src=\"https:\/\/casadelacorte.evolucion.center\/wp-content\/uploads\/2022\/12\/1670312828856-300x169.jpg\" class=\"attachment-medium size-medium\" alt=\"\" aria-describedby=\"gallery-1-1911\" srcset=\"https:\/\/casadelacorte.evolucion.center\/wp-content\/uploads\/2022\/12\/1670312828856-300x169.jpg 300w, https:\/\/casadelacorte.evolucion.center\/wp-content\/uploads\/2022\/12\/1670312828856-768x432.jpg 768w, https:\/\/casadelacorte.evolucion.center\/wp-content\/uploads\/2022\/12\/1670312828856.jpg 1024w\" sizes=\"(max-width: 300px) 100vw, 300px\" \/><\/a>\n\t\t\t<\/div>\n\t\t\t\t<figcaption class='wp-caption-text gallery-caption' id='gallery-1-1911'>\n\t\t\t\tUno de los comedores\n\t\t\t\t<\/figcaption><\/figure><figure class='gallery-item'>\n\t\t\t<div class='gallery-icon landscape'>\n\t\t\t\t<a data-elementor-open-lightbox=\"yes\" data-elementor-lightbox-slideshow=\"5e6d6c84\" data-elementor-lightbox-title=\"Sal\u00f3n de eventos iluminado con l\u00e1mparas de sal\" data-e-action-hash=\"#elementor-action%3Aaction%3Dlightbox%26settings%3DeyJpZCI6MTgwNCwidXJsIjoiaHR0cHM6XC9cL2Nhc2FkZWxhY29ydGUuZXZvbHVjaW9uLmNlbnRlclwvd3AtY29udGVudFwvdXBsb2Fkc1wvMjAyMlwvMTJcL3NhbGEtZGUteW9nYS1udWV2YS1pbHVtaW5hZGEtY29uLWxhbXBhcmFzLWRlLXNhbC1yZWR1Y2lkYS5qcGciLCJzbGlkZXNob3ciOiI1ZTZkNmM4NCJ9\" href='https:\/\/casadelacorte.evolucion.center\/wp-content\/uploads\/2022\/12\/sala-de-yoga-nueva-iluminada-con-lamparas-de-sal-reducida.jpg'><img loading=\"lazy\" decoding=\"async\" width=\"300\" height=\"169\" src=\"https:\/\/casadelacorte.evolucion.center\/wp-content\/uploads\/2022\/12\/sala-de-yoga-nueva-iluminada-con-lamparas-de-sal-reducida-300x169.jpg\" class=\"attachment-medium size-medium\" alt=\"\" aria-describedby=\"gallery-1-1804\" srcset=\"https:\/\/casadelacorte.evolucion.center\/wp-content\/uploads\/2022\/12\/sala-de-yoga-nueva-iluminada-con-lamparas-de-sal-reducida-300x169.jpg 300w, https:\/\/casadelacorte.evolucion.center\/wp-content\/uploads\/2022\/12\/sala-de-yoga-nueva-iluminada-con-lamparas-de-sal-reducida-768x432.jpg 768w, https:\/\/casadelacorte.evolucion.center\/wp-content\/uploads\/2022\/12\/sala-de-yoga-nueva-iluminada-con-lamparas-de-sal-reducida.jpg 1024w\" sizes=\"(max-width: 300px) 100vw, 300px\" \/><\/a>\n\t\t\t<\/div>\n\t\t\t\t<figcaption class='wp-caption-text gallery-caption' id='gallery-1-1804'>\n\t\t\t\tSal\u00f3n de eventos iluminado con l\u00e1mparas de sal\n\t\t\t\t<\/figcaption><\/figure><figure class='gallery-item'>\n\t\t\t<div class='gallery-icon landscape'>\n\t\t\t\t<a data-elementor-open-lightbox=\"yes\" data-elementor-lightbox-slideshow=\"5e6d6c84\" data-elementor-lightbox-title=\"El jard\u00edn de noche en oto\u00f1o\" data-e-action-hash=\"#elementor-action%3Aaction%3Dlightbox%26settings%3DeyJpZCI6MTgyMywidXJsIjoiaHR0cHM6XC9cL2Nhc2FkZWxhY29ydGUuZXZvbHVjaW9uLmNlbnRlclwvd3AtY29udGVudFwvdXBsb2Fkc1wvMjAyMlwvMTJcL2phcmRpbi1kZS1ub2NoZS1yZWR1Y2lkYS0xLmpwZyIsInNsaWRlc2hvdyI6IjVlNmQ2Yzg0In0%3D\" href='https:\/\/casadelacorte.evolucion.center\/wp-content\/uploads\/2022\/12\/jardin-de-noche-reducida-1.jpg'><img loading=\"lazy\" decoding=\"async\" width=\"300\" height=\"169\" src=\"https:\/\/casadelacorte.evolucion.center\/wp-content\/uploads\/2022\/12\/jardin-de-noche-reducida-1-300x169.jpg\" class=\"attachment-medium size-medium\" alt=\"\" aria-describedby=\"gallery-1-1823\" srcset=\"https:\/\/casadelacorte.evolucion.center\/wp-content\/uploads\/2022\/12\/jardin-de-noche-reducida-1-300x169.jpg 300w, https:\/\/casadelacorte.evolucion.center\/wp-content\/uploads\/2022\/12\/jardin-de-noche-reducida-1-768x432.jpg 768w, https:\/\/casadelacorte.evolucion.center\/wp-content\/uploads\/2022\/12\/jardin-de-noche-reducida-1.jpg 1000w\" sizes=\"(max-width: 300px) 100vw, 300px\" \/><\/a>\n\t\t\t<\/div>\n\t\t\t\t<figcaption class='wp-caption-text gallery-caption' id='gallery-1-1823'>\n\t\t\t\tEl jard\u00edn es muy amplio y cuenta con muchos rincones, mesas, sof\u00e1s tipo child out&#8230; \n\t\t\t\t<\/figcaption><\/figure><figure class='gallery-item'>\n\t\t\t<div class='gallery-icon landscape'>\n\t\t\t\t<a data-elementor-open-lightbox=\"yes\" data-elementor-lightbox-slideshow=\"5e6d6c84\" data-elementor-lightbox-title=\"Dormitorio 4 modificada reducida\" data-e-action-hash=\"#elementor-action%3Aaction%3Dlightbox%26settings%3DeyJpZCI6MjAwNSwidXJsIjoiaHR0cHM6XC9cL2Nhc2FkZWxhY29ydGUuZXZvbHVjaW9uLmNlbnRlclwvd3AtY29udGVudFwvdXBsb2Fkc1wvMjAyMlwvMTJcL0Rvcm1pdG9yaW8tNC1tb2RpZmljYWRhLXJlZHVjaWRhLmpwZWciLCJzbGlkZXNob3ciOiI1ZTZkNmM4NCJ9\" href='https:\/\/casadelacorte.evolucion.center\/wp-content\/uploads\/2022\/12\/Dormitorio-4-modificada-reducida.jpeg'><img loading=\"lazy\" decoding=\"async\" width=\"300\" height=\"169\" src=\"https:\/\/casadelacorte.evolucion.center\/wp-content\/uploads\/2022\/12\/Dormitorio-4-modificada-reducida-300x169.jpeg\" class=\"attachment-medium size-medium\" alt=\"\" aria-describedby=\"gallery-1-2005\" srcset=\"https:\/\/casadelacorte.evolucion.center\/wp-content\/uploads\/2022\/12\/Dormitorio-4-modificada-reducida-300x169.jpeg 300w, https:\/\/casadelacorte.evolucion.center\/wp-content\/uploads\/2022\/12\/Dormitorio-4-modificada-reducida-768x432.jpeg 768w, https:\/\/casadelacorte.evolucion.center\/wp-content\/uploads\/2022\/12\/Dormitorio-4-modificada-reducida.jpeg 1024w\" sizes=\"(max-width: 300px) 100vw, 300px\" \/><\/a>\n\t\t\t<\/div>\n\t\t\t\t<figcaption class='wp-caption-text gallery-caption' id='gallery-1-2005'>\n\t\t\t\tDormitorio en planta baja\n\t\t\t\t<\/figcaption><\/figure><figure class='gallery-item'>\n\t\t\t<div class='gallery-icon landscape'>\n\t\t\t\t<a data-elementor-open-lightbox=\"yes\" data-elementor-lightbox-slideshow=\"5e6d6c84\" data-elementor-lightbox-title=\"Dormitorio 8 modificada reducida\" data-e-action-hash=\"#elementor-action%3Aaction%3Dlightbox%26settings%3DeyJpZCI6MjAwOSwidXJsIjoiaHR0cHM6XC9cL2Nhc2FkZWxhY29ydGUuZXZvbHVjaW9uLmNlbnRlclwvd3AtY29udGVudFwvdXBsb2Fkc1wvMjAyMlwvMTJcL0Rvcm1pdG9yaW8tOC1tb2RpZmljYWRhLXJlZHVjaWRhLmpwZWciLCJzbGlkZXNob3ciOiI1ZTZkNmM4NCJ9\" href='https:\/\/casadelacorte.evolucion.center\/wp-content\/uploads\/2022\/12\/Dormitorio-8-modificada-reducida.jpeg'><img loading=\"lazy\" decoding=\"async\" width=\"300\" height=\"169\" src=\"https:\/\/casadelacorte.evolucion.center\/wp-content\/uploads\/2022\/12\/Dormitorio-8-modificada-reducida-300x169.jpeg\" class=\"attachment-medium size-medium\" alt=\"\" aria-describedby=\"gallery-1-2009\" srcset=\"https:\/\/casadelacorte.evolucion.center\/wp-content\/uploads\/2022\/12\/Dormitorio-8-modificada-reducida-300x169.jpeg 300w, https:\/\/casadelacorte.evolucion.center\/wp-content\/uploads\/2022\/12\/Dormitorio-8-modificada-reducida-768x432.jpeg 768w, https:\/\/casadelacorte.evolucion.center\/wp-content\/uploads\/2022\/12\/Dormitorio-8-modificada-reducida.jpeg 1024w\" sizes=\"(max-width: 300px) 100vw, 300px\" \/><\/a>\n\t\t\t<\/div>\n\t\t\t\t<figcaption class='wp-caption-text gallery-caption' id='gallery-1-2009'>\n\t\t\t\tDormitorio en planta baja\n\t\t\t\t<\/figcaption><\/figure><figure class='gallery-item'>\n\t\t\t<div class='gallery-icon landscape'>\n\t\t\t\t<a data-elementor-open-lightbox=\"yes\" data-elementor-lightbox-slideshow=\"5e6d6c84\" data-elementor-lightbox-title=\"Dormitorio 7 modificada reducida\" data-e-action-hash=\"#elementor-action%3Aaction%3Dlightbox%26settings%3DeyJpZCI6MjAwOCwidXJsIjoiaHR0cHM6XC9cL2Nhc2FkZWxhY29ydGUuZXZvbHVjaW9uLmNlbnRlclwvd3AtY29udGVudFwvdXBsb2Fkc1wvMjAyMlwvMTJcL0Rvcm1pdG9yaW8tNy1tb2RpZmljYWRhLXJlZHVjaWRhLmpwZWciLCJzbGlkZXNob3ciOiI1ZTZkNmM4NCJ9\" href='https:\/\/casadelacorte.evolucion.center\/wp-content\/uploads\/2022\/12\/Dormitorio-7-modificada-reducida.jpeg'><img loading=\"lazy\" decoding=\"async\" width=\"300\" height=\"169\" src=\"https:\/\/casadelacorte.evolucion.center\/wp-content\/uploads\/2022\/12\/Dormitorio-7-modificada-reducida-300x169.jpeg\" class=\"attachment-medium size-medium\" alt=\"\" aria-describedby=\"gallery-1-2008\" srcset=\"https:\/\/casadelacorte.evolucion.center\/wp-content\/uploads\/2022\/12\/Dormitorio-7-modificada-reducida-300x169.jpeg 300w, https:\/\/casadelacorte.evolucion.center\/wp-content\/uploads\/2022\/12\/Dormitorio-7-modificada-reducida-768x432.jpeg 768w, https:\/\/casadelacorte.evolucion.center\/wp-content\/uploads\/2022\/12\/Dormitorio-7-modificada-reducida.jpeg 1024w\" sizes=\"(max-width: 300px) 100vw, 300px\" \/><\/a>\n\t\t\t<\/div>\n\t\t\t\t<figcaption class='wp-caption-text gallery-caption' id='gallery-1-2008'>\n\t\t\t\tDormitorio en planta baja\n\t\t\t\t<\/figcaption><\/figure><figure class='gallery-item'>\n\t\t\t<div class='gallery-icon landscape'>\n\t\t\t\t<a data-elementor-open-lightbox=\"yes\" data-elementor-lightbox-slideshow=\"5e6d6c84\" data-elementor-lightbox-title=\"Dormitorio 5\" data-e-action-hash=\"#elementor-action%3Aaction%3Dlightbox%26settings%3DeyJpZCI6MjAwNiwidXJsIjoiaHR0cHM6XC9cL2Nhc2FkZWxhY29ydGUuZXZvbHVjaW9uLmNlbnRlclwvd3AtY29udGVudFwvdXBsb2Fkc1wvMjAyMlwvMTJcL0Rvcm1pdG9yaW8tNS1tb2RpZmljYWRhLXJlZHVjaWRhLmpwZWciLCJzbGlkZXNob3ciOiI1ZTZkNmM4NCJ9\" href='https:\/\/casadelacorte.evolucion.center\/wp-content\/uploads\/2022\/12\/Dormitorio-5-modificada-reducida.jpeg'><img loading=\"lazy\" decoding=\"async\" width=\"300\" height=\"169\" src=\"https:\/\/casadelacorte.evolucion.center\/wp-content\/uploads\/2022\/12\/Dormitorio-5-modificada-reducida-300x169.jpeg\" class=\"attachment-medium size-medium\" alt=\"\" aria-describedby=\"gallery-1-2006\" srcset=\"https:\/\/casadelacorte.evolucion.center\/wp-content\/uploads\/2022\/12\/Dormitorio-5-modificada-reducida-300x169.jpeg 300w, https:\/\/casadelacorte.evolucion.center\/wp-content\/uploads\/2022\/12\/Dormitorio-5-modificada-reducida-768x432.jpeg 768w, https:\/\/casadelacorte.evolucion.center\/wp-content\/uploads\/2022\/12\/Dormitorio-5-modificada-reducida.jpeg 1024w\" sizes=\"(max-width: 300px) 100vw, 300px\" \/><\/a>\n\t\t\t<\/div>\n\t\t\t\t<figcaption class='wp-caption-text gallery-caption' id='gallery-1-2006'>\n\t\t\t\tDormitorio en planta baja. Comparte ba\u00f1o con otro dormitorio contiguo\n\t\t\t\t<\/figcaption><\/figure><figure class='gallery-item'>\n\t\t\t<div class='gallery-icon landscape'>\n\t\t\t\t<a data-elementor-open-lightbox=\"yes\" data-elementor-lightbox-slideshow=\"5e6d6c84\" data-elementor-lightbox-title=\"Dormitorio 9 modificada reducida\" data-e-action-hash=\"#elementor-action%3Aaction%3Dlightbox%26settings%3DeyJpZCI6MjAxMCwidXJsIjoiaHR0cHM6XC9cL2Nhc2FkZWxhY29ydGUuZXZvbHVjaW9uLmNlbnRlclwvd3AtY29udGVudFwvdXBsb2Fkc1wvMjAyMlwvMTJcL0Rvcm1pdG9yaW8tOS1tb2RpZmljYWRhLXJlZHVjaWRhLmpwZWciLCJzbGlkZXNob3ciOiI1ZTZkNmM4NCJ9\" href='https:\/\/casadelacorte.evolucion.center\/wp-content\/uploads\/2022\/12\/Dormitorio-9-modificada-reducida.jpeg'><img loading=\"lazy\" decoding=\"async\" width=\"300\" height=\"169\" src=\"https:\/\/casadelacorte.evolucion.center\/wp-content\/uploads\/2022\/12\/Dormitorio-9-modificada-reducida-300x169.jpeg\" class=\"attachment-medium size-medium\" alt=\"\" aria-describedby=\"gallery-1-2010\" srcset=\"https:\/\/casadelacorte.evolucion.center\/wp-content\/uploads\/2022\/12\/Dormitorio-9-modificada-reducida-300x169.jpeg 300w, https:\/\/casadelacorte.evolucion.center\/wp-content\/uploads\/2022\/12\/Dormitorio-9-modificada-reducida-768x432.jpeg 768w, https:\/\/casadelacorte.evolucion.center\/wp-content\/uploads\/2022\/12\/Dormitorio-9-modificada-reducida.jpeg 1024w\" sizes=\"(max-width: 300px) 100vw, 300px\" \/><\/a>\n\t\t\t<\/div>\n\t\t\t\t<figcaption class='wp-caption-text gallery-caption' id='gallery-1-2010'>\n\t\t\t\tDormitorio en planta baja\n\t\t\t\t<\/figcaption><\/figure><figure class='gallery-item'>\n\t\t\t<div class='gallery-icon landscape'>\n\t\t\t\t<a data-elementor-open-lightbox=\"yes\" data-elementor-lightbox-slideshow=\"5e6d6c84\" data-elementor-lightbox-title=\"dormitorio 3 modificada reducida\" data-e-action-hash=\"#elementor-action%3Aaction%3Dlightbox%26settings%3DeyJpZCI6MjAwMCwidXJsIjoiaHR0cHM6XC9cL2Nhc2FkZWxhY29ydGUuZXZvbHVjaW9uLmNlbnRlclwvd3AtY29udGVudFwvdXBsb2Fkc1wvMjAyMlwvMTJcL2Rvcm1pdG9yaW8tMy1tb2RpZmljYWRhLXJlZHVjaWRhLmpwZyIsInNsaWRlc2hvdyI6IjVlNmQ2Yzg0In0%3D\" href='https:\/\/casadelacorte.evolucion.center\/wp-content\/uploads\/2022\/12\/dormitorio-3-modificada-reducida.jpg'><img loading=\"lazy\" decoding=\"async\" width=\"300\" height=\"169\" src=\"https:\/\/casadelacorte.evolucion.center\/wp-content\/uploads\/2022\/12\/dormitorio-3-modificada-reducida-300x169.jpg\" class=\"attachment-medium size-medium\" alt=\"\" aria-describedby=\"gallery-1-2000\" srcset=\"https:\/\/casadelacorte.evolucion.center\/wp-content\/uploads\/2022\/12\/dormitorio-3-modificada-reducida-300x169.jpg 300w, https:\/\/casadelacorte.evolucion.center\/wp-content\/uploads\/2022\/12\/dormitorio-3-modificada-reducida-768x432.jpg 768w, https:\/\/casadelacorte.evolucion.center\/wp-content\/uploads\/2022\/12\/dormitorio-3-modificada-reducida.jpg 1024w\" sizes=\"(max-width: 300px) 100vw, 300px\" \/><\/a>\n\t\t\t<\/div>\n\t\t\t\t<figcaption class='wp-caption-text gallery-caption' id='gallery-1-2000'>\n\t\t\t\tDormitorio en planta alta con estufa de pellet y ba\u00f1o privado\n\t\t\t\t<\/figcaption><\/figure><figure class='gallery-item'>\n\t\t\t<div class='gallery-icon landscape'>\n\t\t\t\t<a data-elementor-open-lightbox=\"yes\" data-elementor-lightbox-slideshow=\"5e6d6c84\" data-elementor-lightbox-title=\"Dormitorio 10 modificada reducida\" data-e-action-hash=\"#elementor-action%3Aaction%3Dlightbox%26settings%3DeyJpZCI6MjAxMSwidXJsIjoiaHR0cHM6XC9cL2Nhc2FkZWxhY29ydGUuZXZvbHVjaW9uLmNlbnRlclwvd3AtY29udGVudFwvdXBsb2Fkc1wvMjAyMlwvMTJcL0Rvcm1pdG9yaW8tMTAtbW9kaWZpY2FkYS1yZWR1Y2lkYS5qcGVnIiwic2xpZGVzaG93IjoiNWU2ZDZjODQifQ%3D%3D\" href='https:\/\/casadelacorte.evolucion.center\/wp-content\/uploads\/2022\/12\/Dormitorio-10-modificada-reducida.jpeg'><img loading=\"lazy\" decoding=\"async\" width=\"300\" height=\"169\" src=\"https:\/\/casadelacorte.evolucion.center\/wp-content\/uploads\/2022\/12\/Dormitorio-10-modificada-reducida-300x169.jpeg\" class=\"attachment-medium size-medium\" alt=\"\" aria-describedby=\"gallery-1-2011\" srcset=\"https:\/\/casadelacorte.evolucion.center\/wp-content\/uploads\/2022\/12\/Dormitorio-10-modificada-reducida-300x169.jpeg 300w, https:\/\/casadelacorte.evolucion.center\/wp-content\/uploads\/2022\/12\/Dormitorio-10-modificada-reducida-768x432.jpeg 768w, https:\/\/casadelacorte.evolucion.center\/wp-content\/uploads\/2022\/12\/Dormitorio-10-modificada-reducida.jpeg 1024w\" sizes=\"(max-width: 300px) 100vw, 300px\" \/><\/a>\n\t\t\t<\/div>\n\t\t\t\t<figcaption class='wp-caption-text gallery-caption' id='gallery-1-2011'>\n\t\t\t\tDormitorio en planta alta , Dispone de un ba\u00f1o, que comparte con el sal\u00f3n de billar\n\t\t\t\t<\/figcaption><\/figure><figure class='gallery-item'>\n\t\t\t<div class='gallery-icon landscape'>\n\t\t\t\t<a data-elementor-open-lightbox=\"yes\" data-elementor-lightbox-slideshow=\"5e6d6c84\" data-elementor-lightbox-title=\"dormitorio 2 modificada reducida\" data-e-action-hash=\"#elementor-action%3Aaction%3Dlightbox%26settings%3DeyJpZCI6MTk5OSwidXJsIjoiaHR0cHM6XC9cL2Nhc2FkZWxhY29ydGUuZXZvbHVjaW9uLmNlbnRlclwvd3AtY29udGVudFwvdXBsb2Fkc1wvMjAyMlwvMTJcL2Rvcm1pdG9yaW8tMi1tb2RpZmljYWRhLXJlZHVjaWRhLmpwZyIsInNsaWRlc2hvdyI6IjVlNmQ2Yzg0In0%3D\" href='https:\/\/casadelacorte.evolucion.center\/wp-content\/uploads\/2022\/12\/dormitorio-2-modificada-reducida.jpg'><img loading=\"lazy\" decoding=\"async\" width=\"300\" height=\"169\" src=\"https:\/\/casadelacorte.evolucion.center\/wp-content\/uploads\/2022\/12\/dormitorio-2-modificada-reducida-300x169.jpg\" class=\"attachment-medium size-medium\" alt=\"\" aria-describedby=\"gallery-1-1999\" srcset=\"https:\/\/casadelacorte.evolucion.center\/wp-content\/uploads\/2022\/12\/dormitorio-2-modificada-reducida-300x169.jpg 300w, https:\/\/casadelacorte.evolucion.center\/wp-content\/uploads\/2022\/12\/dormitorio-2-modificada-reducida-768x432.jpg 768w, https:\/\/casadelacorte.evolucion.center\/wp-content\/uploads\/2022\/12\/dormitorio-2-modificada-reducida.jpg 1024w\" sizes=\"(max-width: 300px) 100vw, 300px\" \/><\/a>\n\t\t\t<\/div>\n\t\t\t\t<figcaption class='wp-caption-text gallery-caption' id='gallery-1-1999'>\n\t\t\t\tDormitorio en planta alta con estufa de pellet y ba\u00f1o privado\n\t\t\t\t<\/figcaption><\/figure><figure class='gallery-item'>\n\t\t\t<div class='gallery-icon landscape'>\n\t\t\t\t<a data-elementor-open-lightbox=\"yes\" data-elementor-lightbox-slideshow=\"5e6d6c84\" data-elementor-lightbox-title=\"dormitorio 1 modificada reducida\" data-e-action-hash=\"#elementor-action%3Aaction%3Dlightbox%26settings%3DeyJpZCI6MTk5OCwidXJsIjoiaHR0cHM6XC9cL2Nhc2FkZWxhY29ydGUuZXZvbHVjaW9uLmNlbnRlclwvd3AtY29udGVudFwvdXBsb2Fkc1wvMjAyMlwvMTJcL2Rvcm1pdG9yaW8tMS1tb2RpZmljYWRhLXJlZHVjaWRhLmpwZyIsInNsaWRlc2hvdyI6IjVlNmQ2Yzg0In0%3D\" href='https:\/\/casadelacorte.evolucion.center\/wp-content\/uploads\/2022\/12\/dormitorio-1-modificada-reducida.jpg'><img loading=\"lazy\" decoding=\"async\" width=\"300\" height=\"169\" src=\"https:\/\/casadelacorte.evolucion.center\/wp-content\/uploads\/2022\/12\/dormitorio-1-modificada-reducida-300x169.jpg\" class=\"attachment-medium size-medium\" alt=\"\" aria-describedby=\"gallery-1-1998\" srcset=\"https:\/\/casadelacorte.evolucion.center\/wp-content\/uploads\/2022\/12\/dormitorio-1-modificada-reducida-300x169.jpg 300w, https:\/\/casadelacorte.evolucion.center\/wp-content\/uploads\/2022\/12\/dormitorio-1-modificada-reducida-768x432.jpg 768w, https:\/\/casadelacorte.evolucion.center\/wp-content\/uploads\/2022\/12\/dormitorio-1-modificada-reducida.jpg 1024w\" sizes=\"(max-width: 300px) 100vw, 300px\" \/><\/a>\n\t\t\t<\/div>\n\t\t\t\t<figcaption class='wp-caption-text gallery-caption' id='gallery-1-1998'>\n\t\t\t\tDormitorio en planta alta con estufa de pellet y ba\u00f1o privado\n\t\t\t\t<\/figcaption><\/figure><figure class='gallery-item'>\n\t\t\t<div class='gallery-icon landscape'>\n\t\t\t\t<a data-elementor-open-lightbox=\"yes\" data-elementor-lightbox-slideshow=\"5e6d6c84\" data-elementor-lightbox-title=\"Dormitorio 6 modificada reducida\" data-e-action-hash=\"#elementor-action%3Aaction%3Dlightbox%26settings%3DeyJpZCI6MjAwNywidXJsIjoiaHR0cHM6XC9cL2Nhc2FkZWxhY29ydGUuZXZvbHVjaW9uLmNlbnRlclwvd3AtY29udGVudFwvdXBsb2Fkc1wvMjAyMlwvMTJcL0Rvcm1pdG9yaW8tNi1tb2RpZmljYWRhLXJlZHVjaWRhLmpwZWciLCJzbGlkZXNob3ciOiI1ZTZkNmM4NCJ9\" href='https:\/\/casadelacorte.evolucion.center\/wp-content\/uploads\/2022\/12\/Dormitorio-6-modificada-reducida.jpeg'><img loading=\"lazy\" decoding=\"async\" width=\"300\" height=\"169\" src=\"https:\/\/casadelacorte.evolucion.center\/wp-content\/uploads\/2022\/12\/Dormitorio-6-modificada-reducida-300x169.jpeg\" class=\"attachment-medium size-medium\" alt=\"\" aria-describedby=\"gallery-1-2007\" srcset=\"https:\/\/casadelacorte.evolucion.center\/wp-content\/uploads\/2022\/12\/Dormitorio-6-modificada-reducida-300x169.jpeg 300w, https:\/\/casadelacorte.evolucion.center\/wp-content\/uploads\/2022\/12\/Dormitorio-6-modificada-reducida-768x432.jpeg 768w, https:\/\/casadelacorte.evolucion.center\/wp-content\/uploads\/2022\/12\/Dormitorio-6-modificada-reducida.jpeg 1024w\" sizes=\"(max-width: 300px) 100vw, 300px\" \/><\/a>\n\t\t\t<\/div>\n\t\t\t\t<figcaption class='wp-caption-text gallery-caption' id='gallery-1-2007'>\n\t\t\t\tDormitorio en planta alta con ba\u00f1o privado y entrada independiente desde el jard\u00edn\n\t\t\t\t<\/figcaption><\/figure><figure class='gallery-item'>\n\t\t\t<div class='gallery-icon landscape'>\n\t\t\t\t<a data-elementor-open-lightbox=\"yes\" data-elementor-lightbox-slideshow=\"5e6d6c84\" data-elementor-lightbox-title=\"Casa de la Corte Ba\u00f1os 55 1280\" data-e-action-hash=\"#elementor-action%3Aaction%3Dlightbox%26settings%3DeyJpZCI6NDExLCJ1cmwiOiJodHRwczpcL1wvY2FzYWRlbGFjb3J0ZS5ldm9sdWNpb24uY2VudGVyXC93cC1jb250ZW50XC91cGxvYWRzXC8yMDIwXC8wNlwvQ2FzYS1kZS1sYS1Db3J0ZS1CYVx1MDBmMW9zLTU1LTEyODAuanBnIiwic2xpZGVzaG93IjoiNWU2ZDZjODQifQ%3D%3D\" href='https:\/\/casadelacorte.evolucion.center\/wp-content\/uploads\/2020\/06\/Casa-de-la-Corte-Ba\u00f1os-55-1280.jpg'><img loading=\"lazy\" decoding=\"async\" width=\"300\" height=\"169\" src=\"https:\/\/casadelacorte.evolucion.center\/wp-content\/uploads\/2020\/06\/Casa-de-la-Corte-Ba\u00f1os-55-1280-300x169.jpg\" class=\"attachment-medium size-medium\" alt=\"\" aria-describedby=\"gallery-1-411\" srcset=\"https:\/\/casadelacorte.evolucion.center\/wp-content\/uploads\/2020\/06\/Casa-de-la-Corte-Ba\u00f1os-55-1280-300x169.jpg 300w, https:\/\/casadelacorte.evolucion.center\/wp-content\/uploads\/2020\/06\/Casa-de-la-Corte-Ba\u00f1os-55-1280-600x338.jpg 600w, https:\/\/casadelacorte.evolucion.center\/wp-content\/uploads\/2020\/06\/Casa-de-la-Corte-Ba\u00f1os-55-1280-1024x576.jpg 1024w, https:\/\/casadelacorte.evolucion.center\/wp-content\/uploads\/2020\/06\/Casa-de-la-Corte-Ba\u00f1os-55-1280-768x432.jpg 768w, https:\/\/casadelacorte.evolucion.center\/wp-content\/uploads\/2020\/06\/Casa-de-la-Corte-Ba\u00f1os-55-1280.jpg 1280w\" sizes=\"(max-width: 300px) 100vw, 300px\" \/><\/a>\n\t\t\t<\/div>\n\t\t\t\t<figcaption class='wp-caption-text gallery-caption' id='gallery-1-411'>\n\t\t\t\tBa\u00f1o en planta baja\n\t\t\t\t<\/figcaption><\/figure><figure class='gallery-item'>\n\t\t\t<div class='gallery-icon landscape'>\n\t\t\t\t<a data-elementor-open-lightbox=\"yes\" data-elementor-lightbox-slideshow=\"5e6d6c84\" data-elementor-lightbox-title=\"ba\u00f1o 5 modificada reducida\" data-e-action-hash=\"#elementor-action%3Aaction%3Dlightbox%26settings%3DeyJpZCI6MjAwMiwidXJsIjoiaHR0cHM6XC9cL2Nhc2FkZWxhY29ydGUuZXZvbHVjaW9uLmNlbnRlclwvd3AtY29udGVudFwvdXBsb2Fkc1wvMjAyMlwvMTJcL2Jhbm8tNS1tb2RpZmljYWRhLXJlZHVjaWRhLmpwZyIsInNsaWRlc2hvdyI6IjVlNmQ2Yzg0In0%3D\" href='https:\/\/casadelacorte.evolucion.center\/wp-content\/uploads\/2022\/12\/bano-5-modificada-reducida.jpg'><img loading=\"lazy\" decoding=\"async\" width=\"300\" height=\"169\" src=\"https:\/\/casadelacorte.evolucion.center\/wp-content\/uploads\/2022\/12\/bano-5-modificada-reducida-300x169.jpg\" class=\"attachment-medium size-medium\" alt=\"\" aria-describedby=\"gallery-1-2002\" srcset=\"https:\/\/casadelacorte.evolucion.center\/wp-content\/uploads\/2022\/12\/bano-5-modificada-reducida-300x169.jpg 300w, https:\/\/casadelacorte.evolucion.center\/wp-content\/uploads\/2022\/12\/bano-5-modificada-reducida-768x432.jpg 768w, https:\/\/casadelacorte.evolucion.center\/wp-content\/uploads\/2022\/12\/bano-5-modificada-reducida.jpg 1024w\" sizes=\"(max-width: 300px) 100vw, 300px\" \/><\/a>\n\t\t\t<\/div>\n\t\t\t\t<figcaption class='wp-caption-text gallery-caption' id='gallery-1-2002'>\n\t\t\t\tBa\u00f1o en planta baja\n\t\t\t\t<\/figcaption><\/figure><figure class='gallery-item'>\n\t\t\t<div class='gallery-icon landscape'>\n\t\t\t\t<a data-elementor-open-lightbox=\"yes\" data-elementor-lightbox-slideshow=\"5e6d6c84\" data-elementor-lightbox-title=\"ba\u00f1o 4 modificada reducida\" data-e-action-hash=\"#elementor-action%3Aaction%3Dlightbox%26settings%3DeyJpZCI6MjAwMSwidXJsIjoiaHR0cHM6XC9cL2Nhc2FkZWxhY29ydGUuZXZvbHVjaW9uLmNlbnRlclwvd3AtY29udGVudFwvdXBsb2Fkc1wvMjAyMlwvMTJcL2Jhbm8tNC1tb2RpZmljYWRhLXJlZHVjaWRhLmpwZyIsInNsaWRlc2hvdyI6IjVlNmQ2Yzg0In0%3D\" href='https:\/\/casadelacorte.evolucion.center\/wp-content\/uploads\/2022\/12\/bano-4-modificada-reducida.jpg'><img loading=\"lazy\" decoding=\"async\" width=\"300\" height=\"169\" src=\"https:\/\/casadelacorte.evolucion.center\/wp-content\/uploads\/2022\/12\/bano-4-modificada-reducida-300x169.jpg\" class=\"attachment-medium size-medium\" alt=\"\" aria-describedby=\"gallery-1-2001\" srcset=\"https:\/\/casadelacorte.evolucion.center\/wp-content\/uploads\/2022\/12\/bano-4-modificada-reducida-300x169.jpg 300w, https:\/\/casadelacorte.evolucion.center\/wp-content\/uploads\/2022\/12\/bano-4-modificada-reducida-768x432.jpg 768w, https:\/\/casadelacorte.evolucion.center\/wp-content\/uploads\/2022\/12\/bano-4-modificada-reducida.jpg 1024w\" sizes=\"(max-width: 300px) 100vw, 300px\" \/><\/a>\n\t\t\t<\/div>\n\t\t\t\t<figcaption class='wp-caption-text gallery-caption' id='gallery-1-2001'>\n\t\t\t\tBa\u00f1o en planta baja\n\t\t\t\t<\/figcaption><\/figure><figure class='gallery-item'>\n\t\t\t<div class='gallery-icon portrait'>\n\t\t\t\t<a data-elementor-open-lightbox=\"yes\" data-elementor-lightbox-slideshow=\"5e6d6c84\" data-elementor-lightbox-title=\"ba\u00f1o 3 modificada reducida\" data-e-action-hash=\"#elementor-action%3Aaction%3Dlightbox%26settings%3DeyJpZCI6MTk5NywidXJsIjoiaHR0cHM6XC9cL2Nhc2FkZWxhY29ydGUuZXZvbHVjaW9uLmNlbnRlclwvd3AtY29udGVudFwvdXBsb2Fkc1wvMjAyMlwvMTJcL2Jhbm8tMy1tb2RpZmljYWRhLXJlZHVjaWRhLmpwZyIsInNsaWRlc2hvdyI6IjVlNmQ2Yzg0In0%3D\" href='https:\/\/casadelacorte.evolucion.center\/wp-content\/uploads\/2022\/12\/bano-3-modificada-reducida.jpg'><img loading=\"lazy\" decoding=\"async\" width=\"169\" height=\"300\" src=\"https:\/\/casadelacorte.evolucion.center\/wp-content\/uploads\/2022\/12\/bano-3-modificada-reducida-169x300.jpg\" class=\"attachment-medium size-medium\" alt=\"\" aria-describedby=\"gallery-1-1997\" srcset=\"https:\/\/casadelacorte.evolucion.center\/wp-content\/uploads\/2022\/12\/bano-3-modificada-reducida-169x300.jpg 169w, https:\/\/casadelacorte.evolucion.center\/wp-content\/uploads\/2022\/12\/bano-3-modificada-reducida.jpg 576w\" sizes=\"(max-width: 169px) 100vw, 169px\" \/><\/a>\n\t\t\t<\/div>\n\t\t\t\t<figcaption class='wp-caption-text gallery-caption' id='gallery-1-1997'>\n\t\t\t\tBa\u00f1o de dormitorio en planta alta\n\t\t\t\t<\/figcaption><\/figure><figure class='gallery-item'>\n\t\t\t<div class='gallery-icon portrait'>\n\t\t\t\t<a data-elementor-open-lightbox=\"yes\" data-elementor-lightbox-slideshow=\"5e6d6c84\" data-elementor-lightbox-title=\"ba\u00f1o 2 modificada reducida\" data-e-action-hash=\"#elementor-action%3Aaction%3Dlightbox%26settings%3DeyJpZCI6MTk5NiwidXJsIjoiaHR0cHM6XC9cL2Nhc2FkZWxhY29ydGUuZXZvbHVjaW9uLmNlbnRlclwvd3AtY29udGVudFwvdXBsb2Fkc1wvMjAyMlwvMTJcL2Jhbm8tMi1tb2RpZmljYWRhLXJlZHVjaWRhLmpwZyIsInNsaWRlc2hvdyI6IjVlNmQ2Yzg0In0%3D\" href='https:\/\/casadelacorte.evolucion.center\/wp-content\/uploads\/2022\/12\/bano-2-modificada-reducida.jpg'><img loading=\"lazy\" decoding=\"async\" width=\"169\" height=\"300\" src=\"https:\/\/casadelacorte.evolucion.center\/wp-content\/uploads\/2022\/12\/bano-2-modificada-reducida-169x300.jpg\" class=\"attachment-medium size-medium\" alt=\"\" aria-describedby=\"gallery-1-1996\" srcset=\"https:\/\/casadelacorte.evolucion.center\/wp-content\/uploads\/2022\/12\/bano-2-modificada-reducida-169x300.jpg 169w, https:\/\/casadelacorte.evolucion.center\/wp-content\/uploads\/2022\/12\/bano-2-modificada-reducida.jpg 576w\" sizes=\"(max-width: 169px) 100vw, 169px\" \/><\/a>\n\t\t\t<\/div>\n\t\t\t\t<figcaption class='wp-caption-text gallery-caption' id='gallery-1-1996'>\n\t\t\t\tBa\u00f1o de dormitorio en planta alta\n\t\t\t\t<\/figcaption><\/figure><figure class='gallery-item'>\n\t\t\t<div class='gallery-icon portrait'>\n\t\t\t\t<a data-elementor-open-lightbox=\"yes\" data-elementor-lightbox-slideshow=\"5e6d6c84\" data-elementor-lightbox-title=\"ba\u00f1o 1 modificada reducida\" data-e-action-hash=\"#elementor-action%3Aaction%3Dlightbox%26settings%3DeyJpZCI6MTk5NSwidXJsIjoiaHR0cHM6XC9cL2Nhc2FkZWxhY29ydGUuZXZvbHVjaW9uLmNlbnRlclwvd3AtY29udGVudFwvdXBsb2Fkc1wvMjAyMlwvMTJcL2Jhbm8tMS1tb2RpZmljYWRhLXJlZHVjaWRhLmpwZyIsInNsaWRlc2hvdyI6IjVlNmQ2Yzg0In0%3D\" href='https:\/\/casadelacorte.evolucion.center\/wp-content\/uploads\/2022\/12\/bano-1-modificada-reducida.jpg'><img loading=\"lazy\" decoding=\"async\" width=\"169\" height=\"300\" src=\"https:\/\/casadelacorte.evolucion.center\/wp-content\/uploads\/2022\/12\/bano-1-modificada-reducida-169x300.jpg\" class=\"attachment-medium size-medium\" alt=\"\" aria-describedby=\"gallery-1-1995\" srcset=\"https:\/\/casadelacorte.evolucion.center\/wp-content\/uploads\/2022\/12\/bano-1-modificada-reducida-169x300.jpg 169w, https:\/\/casadelacorte.evolucion.center\/wp-content\/uploads\/2022\/12\/bano-1-modificada-reducida.jpg 576w\" sizes=\"(max-width: 169px) 100vw, 169px\" \/><\/a>\n\t\t\t<\/div>\n\t\t\t\t<figcaption class='wp-caption-text gallery-caption' id='gallery-1-1995'>\n\t\t\t\tBa\u00f1o de dormitorio en planta alta\n\t\t\t\t<\/figcaption><\/figure><figure class='gallery-item'>\n\t\t\t<div class='gallery-icon portrait'>\n\t\t\t\t<a data-elementor-open-lightbox=\"yes\" data-elementor-lightbox-slideshow=\"5e6d6c84\" data-elementor-lightbox-title=\"ba\u00f1o 8 modificada reducida\" data-e-action-hash=\"#elementor-action%3Aaction%3Dlightbox%26settings%3DeyJpZCI6MjAwNCwidXJsIjoiaHR0cHM6XC9cL2Nhc2FkZWxhY29ydGUuZXZvbHVjaW9uLmNlbnRlclwvd3AtY29udGVudFwvdXBsb2Fkc1wvMjAyMlwvMTJcL2Jhbm8tOC1tb2RpZmljYWRhLXJlZHVjaWRhLmpwZyIsInNsaWRlc2hvdyI6IjVlNmQ2Yzg0In0%3D\" href='https:\/\/casadelacorte.evolucion.center\/wp-content\/uploads\/2022\/12\/bano-8-modificada-reducida.jpg'><img loading=\"lazy\" decoding=\"async\" width=\"169\" height=\"300\" src=\"https:\/\/casadelacorte.evolucion.center\/wp-content\/uploads\/2022\/12\/bano-8-modificada-reducida-169x300.jpg\" class=\"attachment-medium size-medium\" alt=\"\" aria-describedby=\"gallery-1-2004\" srcset=\"https:\/\/casadelacorte.evolucion.center\/wp-content\/uploads\/2022\/12\/bano-8-modificada-reducida-169x300.jpg 169w, https:\/\/casadelacorte.evolucion.center\/wp-content\/uploads\/2022\/12\/bano-8-modificada-reducida.jpg 576w\" sizes=\"(max-width: 169px) 100vw, 169px\" \/><\/a>\n\t\t\t<\/div>\n\t\t\t\t<figcaption class='wp-caption-text gallery-caption' id='gallery-1-2004'>\n\t\t\t\tBa\u00f1o en planta alta junto al dormitorio y sal\u00f3n de billar\n\t\t\t\t<\/figcaption><\/figure><figure class='gallery-item'>\n\t\t\t<div class='gallery-icon landscape'>\n\t\t\t\t<a data-elementor-open-lightbox=\"yes\" data-elementor-lightbox-slideshow=\"5e6d6c84\" data-elementor-lightbox-title=\"ba\u00f1o 7 modificada 2 16 9 reducida\" data-e-action-hash=\"#elementor-action%3Aaction%3Dlightbox%26settings%3DeyJpZCI6MjEzMSwidXJsIjoiaHR0cHM6XC9cL2Nhc2FkZWxhY29ydGUuZXZvbHVjaW9uLmNlbnRlclwvd3AtY29udGVudFwvdXBsb2Fkc1wvMjAyMlwvMTJcL2Jhbm8tNy1tb2RpZmljYWRhLTItMTYtOS1yZWR1Y2lkYS5qcGciLCJzbGlkZXNob3ciOiI1ZTZkNmM4NCJ9\" href='https:\/\/casadelacorte.evolucion.center\/wp-content\/uploads\/2022\/12\/bano-7-modificada-2-16-9-reducida.jpg'><img loading=\"lazy\" decoding=\"async\" width=\"300\" height=\"169\" src=\"https:\/\/casadelacorte.evolucion.center\/wp-content\/uploads\/2022\/12\/bano-7-modificada-2-16-9-reducida-300x169.jpg\" class=\"attachment-medium size-medium\" alt=\"\" aria-describedby=\"gallery-1-2131\" srcset=\"https:\/\/casadelacorte.evolucion.center\/wp-content\/uploads\/2022\/12\/bano-7-modificada-2-16-9-reducida-300x169.jpg 300w, https:\/\/casadelacorte.evolucion.center\/wp-content\/uploads\/2022\/12\/bano-7-modificada-2-16-9-reducida-768x432.jpg 768w, https:\/\/casadelacorte.evolucion.center\/wp-content\/uploads\/2022\/12\/bano-7-modificada-2-16-9-reducida.jpg 1024w\" sizes=\"(max-width: 300px) 100vw, 300px\" \/><\/a>\n\t\t\t<\/div>\n\t\t\t\t<figcaption class='wp-caption-text gallery-caption' id='gallery-1-2131'>\n\t\t\t\tBa\u00f1o del dormitorio en planta alta, al que se accede desde el jard\u00edn\n\t\t\t\t<\/figcaption><\/figure><figure class='gallery-item'>\n\t\t\t<div class='gallery-icon landscape'>\n\t\t\t\t<a data-elementor-open-lightbox=\"yes\" data-elementor-lightbox-slideshow=\"5e6d6c84\" data-elementor-lightbox-title=\"Casa de la Corte Octubre 2020 13BAJA\" data-e-action-hash=\"#elementor-action%3Aaction%3Dlightbox%26settings%3DeyJpZCI6MTQ1NiwidXJsIjoiaHR0cHM6XC9cL2Nhc2FkZWxhY29ydGUuZXZvbHVjaW9uLmNlbnRlclwvd3AtY29udGVudFwvdXBsb2Fkc1wvMjAyMFwvMTBcL0Nhc2EtZGUtbGEtQ29ydGUtT2N0dWJyZS0yMDIwLTEzQkFKQS5qcGciLCJzbGlkZXNob3ciOiI1ZTZkNmM4NCJ9\" href='https:\/\/casadelacorte.evolucion.center\/wp-content\/uploads\/2020\/10\/Casa-de-la-Corte-Octubre-2020-13BAJA.jpg'><img loading=\"lazy\" decoding=\"async\" width=\"300\" height=\"169\" src=\"https:\/\/casadelacorte.evolucion.center\/wp-content\/uploads\/2020\/10\/Casa-de-la-Corte-Octubre-2020-13BAJA-300x169.jpg\" class=\"attachment-medium size-medium\" alt=\"\" aria-describedby=\"gallery-1-1456\" srcset=\"https:\/\/casadelacorte.evolucion.center\/wp-content\/uploads\/2020\/10\/Casa-de-la-Corte-Octubre-2020-13BAJA-300x169.jpg 300w, https:\/\/casadelacorte.evolucion.center\/wp-content\/uploads\/2020\/10\/Casa-de-la-Corte-Octubre-2020-13BAJA-768x432.jpg 768w, https:\/\/casadelacorte.evolucion.center\/wp-content\/uploads\/2020\/10\/Casa-de-la-Corte-Octubre-2020-13BAJA.jpg 1000w\" sizes=\"(max-width: 300px) 100vw, 300px\" \/><\/a>\n\t\t\t<\/div>\n\t\t\t\t<figcaption class='wp-caption-text gallery-caption' id='gallery-1-1456'>\n\t\t\t\tDetalle del Patio\n\t\t\t\t<\/figcaption><\/figure><figure class='gallery-item'>\n\t\t\t<div class='gallery-icon portrait'>\n\t\t\t\t<a data-elementor-open-lightbox=\"yes\" data-elementor-lightbox-slideshow=\"5e6d6c84\" data-elementor-lightbox-title=\"BARBACOA\" data-e-action-hash=\"#elementor-action%3Aaction%3Dlightbox%26settings%3DeyJpZCI6MTQ4MiwidXJsIjoiaHR0cHM6XC9cL2Nhc2FkZWxhY29ydGUuZXZvbHVjaW9uLmNlbnRlclwvd3AtY29udGVudFwvdXBsb2Fkc1wvMjAyMFwvMTBcL0JBUkJBQ09BLVZFUlRJQ0FMLmpwZyIsInNsaWRlc2hvdyI6IjVlNmQ2Yzg0In0%3D\" href='https:\/\/casadelacorte.evolucion.center\/wp-content\/uploads\/2020\/10\/BARBACOA-VERTICAL.jpg'><img loading=\"lazy\" decoding=\"async\" width=\"225\" height=\"300\" src=\"https:\/\/casadelacorte.evolucion.center\/wp-content\/uploads\/2020\/10\/BARBACOA-VERTICAL-225x300.jpg\" class=\"attachment-medium size-medium\" alt=\"\" aria-describedby=\"gallery-1-1482\" srcset=\"https:\/\/casadelacorte.evolucion.center\/wp-content\/uploads\/2020\/10\/BARBACOA-VERTICAL-225x300.jpg 225w, https:\/\/casadelacorte.evolucion.center\/wp-content\/uploads\/2020\/10\/BARBACOA-VERTICAL-768x1024.jpg 768w, https:\/\/casadelacorte.evolucion.center\/wp-content\/uploads\/2020\/10\/BARBACOA-VERTICAL.jpg 960w\" sizes=\"(max-width: 225px) 100vw, 225px\" \/><\/a>\n\t\t\t<\/div>\n\t\t\t\t<figcaption class='wp-caption-text gallery-caption' id='gallery-1-1482'>\n\t\t\t\tLa barbacoa y el carb\u00f3n los ponemos nosotros&#8230; \n\t\t\t\t<\/figcaption><\/figure><figure class='gallery-item'>\n\t\t\t<div class='gallery-icon landscape'>\n\t\t\t\t<a data-elementor-open-lightbox=\"yes\" data-elementor-lightbox-slideshow=\"5e6d6c84\" data-elementor-lightbox-title=\"Detalle del jard\u00edn en oto\u00f1o\" data-e-action-hash=\"#elementor-action%3Aaction%3Dlightbox%26settings%3DeyJpZCI6MTgxMiwidXJsIjoiaHR0cHM6XC9cL2Nhc2FkZWxhY29ydGUuZXZvbHVjaW9uLmNlbnRlclwvd3AtY29udGVudFwvdXBsb2Fkc1wvMjAyMlwvMTJcL2phcmRpbi15LWN1YWRyYS1yZWR1Y2lkYS5qcGciLCJzbGlkZXNob3ciOiI1ZTZkNmM4NCJ9\" href='https:\/\/casadelacorte.evolucion.center\/wp-content\/uploads\/2022\/12\/jardin-y-cuadra-reducida.jpg'><img loading=\"lazy\" decoding=\"async\" width=\"300\" height=\"169\" src=\"https:\/\/casadelacorte.evolucion.center\/wp-content\/uploads\/2022\/12\/jardin-y-cuadra-reducida-300x169.jpg\" class=\"attachment-medium size-medium\" alt=\"\" aria-describedby=\"gallery-1-1812\" srcset=\"https:\/\/casadelacorte.evolucion.center\/wp-content\/uploads\/2022\/12\/jardin-y-cuadra-reducida-300x169.jpg 300w, https:\/\/casadelacorte.evolucion.center\/wp-content\/uploads\/2022\/12\/jardin-y-cuadra-reducida-768x432.jpg 768w, https:\/\/casadelacorte.evolucion.center\/wp-content\/uploads\/2022\/12\/jardin-y-cuadra-reducida.jpg 1000w\" sizes=\"(max-width: 300px) 100vw, 300px\" \/><\/a>\n\t\t\t<\/div>\n\t\t\t\t<figcaption class='wp-caption-text gallery-caption' id='gallery-1-1812'>\n\t\t\t\tDetalle del jard\u00edn&#8230; para no perderse nada!\n\t\t\t\t<\/figcaption><\/figure><figure class='gallery-item'>\n\t\t\t<div class='gallery-icon landscape'>\n\t\t\t\t<a data-elementor-open-lightbox=\"yes\" data-elementor-lightbox-slideshow=\"5e6d6c84\" data-elementor-lightbox-title=\"Casa de la Corte Octubre 2020 31BAJA\" data-e-action-hash=\"#elementor-action%3Aaction%3Dlightbox%26settings%3DeyJpZCI6MTQ3NCwidXJsIjoiaHR0cHM6XC9cL2Nhc2FkZWxhY29ydGUuZXZvbHVjaW9uLmNlbnRlclwvd3AtY29udGVudFwvdXBsb2Fkc1wvMjAyMFwvMTBcL0Nhc2EtZGUtbGEtQ29ydGUtT2N0dWJyZS0yMDIwLTMxQkFKQS5qcGciLCJzbGlkZXNob3ciOiI1ZTZkNmM4NCJ9\" href='https:\/\/casadelacorte.evolucion.center\/wp-content\/uploads\/2020\/10\/Casa-de-la-Corte-Octubre-2020-31BAJA.jpg'><img loading=\"lazy\" decoding=\"async\" width=\"300\" height=\"169\" src=\"https:\/\/casadelacorte.evolucion.center\/wp-content\/uploads\/2020\/10\/Casa-de-la-Corte-Octubre-2020-31BAJA-300x169.jpg\" class=\"attachment-medium size-medium\" alt=\"\" aria-describedby=\"gallery-1-1474\" srcset=\"https:\/\/casadelacorte.evolucion.center\/wp-content\/uploads\/2020\/10\/Casa-de-la-Corte-Octubre-2020-31BAJA-300x169.jpg 300w, https:\/\/casadelacorte.evolucion.center\/wp-content\/uploads\/2020\/10\/Casa-de-la-Corte-Octubre-2020-31BAJA-768x432.jpg 768w, https:\/\/casadelacorte.evolucion.center\/wp-content\/uploads\/2020\/10\/Casa-de-la-Corte-Octubre-2020-31BAJA.jpg 1000w\" sizes=\"(max-width: 300px) 100vw, 300px\" \/><\/a>\n\t\t\t<\/div>\n\t\t\t\t<figcaption class='wp-caption-text gallery-caption' id='gallery-1-1474'>\n\t\t\t\tCocina principal\n\t\t\t\t<\/figcaption><\/figure><figure class='gallery-item'>\n\t\t\t<div class='gallery-icon landscape'>\n\t\t\t\t<a data-elementor-open-lightbox=\"yes\" data-elementor-lightbox-slideshow=\"5e6d6c84\" data-elementor-lightbox-title=\"cocina auxiliar reducida\" data-e-action-hash=\"#elementor-action%3Aaction%3Dlightbox%26settings%3DeyJpZCI6MjEzMiwidXJsIjoiaHR0cHM6XC9cL2Nhc2FkZWxhY29ydGUuZXZvbHVjaW9uLmNlbnRlclwvd3AtY29udGVudFwvdXBsb2Fkc1wvMjAyMlwvMTJcL2NvY2luYS1hdXhpbGlhci1yZWR1Y2lkYS5qcGciLCJzbGlkZXNob3ciOiI1ZTZkNmM4NCJ9\" href='https:\/\/casadelacorte.evolucion.center\/wp-content\/uploads\/2022\/12\/cocina-auxiliar-reducida.jpg'><img loading=\"lazy\" decoding=\"async\" width=\"300\" height=\"169\" src=\"https:\/\/casadelacorte.evolucion.center\/wp-content\/uploads\/2022\/12\/cocina-auxiliar-reducida-300x169.jpg\" class=\"attachment-medium size-medium\" alt=\"\" aria-describedby=\"gallery-1-2132\" srcset=\"https:\/\/casadelacorte.evolucion.center\/wp-content\/uploads\/2022\/12\/cocina-auxiliar-reducida-300x169.jpg 300w, https:\/\/casadelacorte.evolucion.center\/wp-content\/uploads\/2022\/12\/cocina-auxiliar-reducida-768x432.jpg 768w, https:\/\/casadelacorte.evolucion.center\/wp-content\/uploads\/2022\/12\/cocina-auxiliar-reducida.jpg 1024w\" sizes=\"(max-width: 300px) 100vw, 300px\" \/><\/a>\n\t\t\t<\/div>\n\t\t\t\t<figcaption class='wp-caption-text gallery-caption' id='gallery-1-2132'>\n\t\t\t\tCocina auxiliar\n\t\t\t\t<\/figcaption><\/figure><figure class='gallery-item'>\n\t\t\t<div class='gallery-icon portrait'>\n\t\t\t\t<a data-elementor-open-lightbox=\"yes\" data-elementor-lightbox-slideshow=\"5e6d6c84\" data-elementor-lightbox-title=\"Fuente de los Deseos\" data-e-action-hash=\"#elementor-action%3Aaction%3Dlightbox%26settings%3DeyJpZCI6MTkzMywidXJsIjoiaHR0cHM6XC9cL2Nhc2FkZWxhY29ydGUuZXZvbHVjaW9uLmNlbnRlclwvd3AtY29udGVudFwvdXBsb2Fkc1wvMjAyMlwvMTJcLzE2NzAzMTM4MTE2NjEtMS5qcGciLCJzbGlkZXNob3ciOiI1ZTZkNmM4NCJ9\" href='https:\/\/casadelacorte.evolucion.center\/wp-content\/uploads\/2022\/12\/1670313811661-1.jpg'><img loading=\"lazy\" decoding=\"async\" width=\"169\" height=\"300\" src=\"https:\/\/casadelacorte.evolucion.center\/wp-content\/uploads\/2022\/12\/1670313811661-1-169x300.jpg\" class=\"attachment-medium size-medium\" alt=\"\" aria-describedby=\"gallery-1-1933\" srcset=\"https:\/\/casadelacorte.evolucion.center\/wp-content\/uploads\/2022\/12\/1670313811661-1-169x300.jpg 169w, https:\/\/casadelacorte.evolucion.center\/wp-content\/uploads\/2022\/12\/1670313811661-1.jpg 506w\" sizes=\"(max-width: 169px) 100vw, 169px\" \/><\/a>\n\t\t\t<\/div>\n\t\t\t\t<figcaption class='wp-caption-text gallery-caption' id='gallery-1-1933'>\n\t\t\t\tBusca en el jard\u00edn la Fuente de los Deseos\n\t\t\t\t<\/figcaption><\/figure><figure class='gallery-item'>\n\t\t\t<div class='gallery-icon landscape'>\n\t\t\t\t<a data-elementor-open-lightbox=\"yes\" data-elementor-lightbox-slideshow=\"5e6d6c84\" data-elementor-lightbox-title=\"Casa de la Corte Octubre 2020 10BAJA\" data-e-action-hash=\"#elementor-action%3Aaction%3Dlightbox%26settings%3DeyJpZCI6MTQ1MywidXJsIjoiaHR0cHM6XC9cL2Nhc2FkZWxhY29ydGUuZXZvbHVjaW9uLmNlbnRlclwvd3AtY29udGVudFwvdXBsb2Fkc1wvMjAyMFwvMTBcL0Nhc2EtZGUtbGEtQ29ydGUtT2N0dWJyZS0yMDIwLTEwQkFKQS5qcGciLCJzbGlkZXNob3ciOiI1ZTZkNmM4NCJ9\" href='https:\/\/casadelacorte.evolucion.center\/wp-content\/uploads\/2020\/10\/Casa-de-la-Corte-Octubre-2020-10BAJA.jpg'><img loading=\"lazy\" decoding=\"async\" width=\"300\" height=\"169\" src=\"https:\/\/casadelacorte.evolucion.center\/wp-content\/uploads\/2020\/10\/Casa-de-la-Corte-Octubre-2020-10BAJA-300x169.jpg\" class=\"attachment-medium size-medium\" alt=\"\" aria-describedby=\"gallery-1-1453\" srcset=\"https:\/\/casadelacorte.evolucion.center\/wp-content\/uploads\/2020\/10\/Casa-de-la-Corte-Octubre-2020-10BAJA-300x169.jpg 300w, https:\/\/casadelacorte.evolucion.center\/wp-content\/uploads\/2020\/10\/Casa-de-la-Corte-Octubre-2020-10BAJA-768x432.jpg 768w, https:\/\/casadelacorte.evolucion.center\/wp-content\/uploads\/2020\/10\/Casa-de-la-Corte-Octubre-2020-10BAJA.jpg 1000w\" sizes=\"(max-width: 300px) 100vw, 300px\" \/><\/a>\n\t\t\t<\/div>\n\t\t\t\t<figcaption class='wp-caption-text gallery-caption' id='gallery-1-1453'>\n\t\t\t\tEl antiguo \u00abSalaero\u00bb de jamones, ahora Cocina Office\n\t\t\t\t<\/figcaption><\/figure><figure class='gallery-item'>\n\t\t\t<div class='gallery-icon portrait'>\n\t\t\t\t<a data-elementor-open-lightbox=\"yes\" data-elementor-lightbox-slideshow=\"5e6d6c84\" data-elementor-lightbox-title=\"Acceso a uno de los dormitorios\" data-e-action-hash=\"#elementor-action%3Aaction%3Dlightbox%26settings%3DeyJpZCI6MTkyOCwidXJsIjoiaHR0cHM6XC9cL2Nhc2FkZWxhY29ydGUuZXZvbHVjaW9uLmNlbnRlclwvd3AtY29udGVudFwvdXBsb2Fkc1wvMjAyMlwvMTJcLzE2NzAzMTM3OTgwODkuanBnIiwic2xpZGVzaG93IjoiNWU2ZDZjODQifQ%3D%3D\" href='https:\/\/casadelacorte.evolucion.center\/wp-content\/uploads\/2022\/12\/1670313798089.jpg'><img loading=\"lazy\" decoding=\"async\" width=\"169\" height=\"300\" src=\"https:\/\/casadelacorte.evolucion.center\/wp-content\/uploads\/2022\/12\/1670313798089-169x300.jpg\" class=\"attachment-medium size-medium\" alt=\"\" aria-describedby=\"gallery-1-1928\" srcset=\"https:\/\/casadelacorte.evolucion.center\/wp-content\/uploads\/2022\/12\/1670313798089-169x300.jpg 169w, https:\/\/casadelacorte.evolucion.center\/wp-content\/uploads\/2022\/12\/1670313798089.jpg 506w\" sizes=\"(max-width: 169px) 100vw, 169px\" \/><\/a>\n\t\t\t<\/div>\n\t\t\t\t<figcaption class='wp-caption-text gallery-caption' id='gallery-1-1928'>\n\t\t\t\tAcceso a uno de los dormitorios\n\t\t\t\t<\/figcaption><\/figure><figure class='gallery-item'>\n\t\t\t<div class='gallery-icon portrait'>\n\t\t\t\t<a data-elementor-open-lightbox=\"yes\" data-elementor-lightbox-slideshow=\"5e6d6c84\" data-elementor-lightbox-title=\"Escalera de acceso al jard\u00edn desde el patio central\" data-e-action-hash=\"#elementor-action%3Aaction%3Dlightbox%26settings%3DeyJpZCI6MTkzNywidXJsIjoiaHR0cHM6XC9cL2Nhc2FkZWxhY29ydGUuZXZvbHVjaW9uLmNlbnRlclwvd3AtY29udGVudFwvdXBsb2Fkc1wvMjAyMlwvMTJcLzE2NzAzMTM5MDIxNzQuanBnIiwic2xpZGVzaG93IjoiNWU2ZDZjODQifQ%3D%3D\" href='https:\/\/casadelacorte.evolucion.center\/wp-content\/uploads\/2022\/12\/1670313902174.jpg'><img loading=\"lazy\" decoding=\"async\" width=\"169\" height=\"300\" src=\"https:\/\/casadelacorte.evolucion.center\/wp-content\/uploads\/2022\/12\/1670313902174-169x300.jpg\" class=\"attachment-medium size-medium\" alt=\"\" aria-describedby=\"gallery-1-1937\" srcset=\"https:\/\/casadelacorte.evolucion.center\/wp-content\/uploads\/2022\/12\/1670313902174-169x300.jpg 169w, https:\/\/casadelacorte.evolucion.center\/wp-content\/uploads\/2022\/12\/1670313902174.jpg 506w\" sizes=\"(max-width: 169px) 100vw, 169px\" \/><\/a>\n\t\t\t<\/div>\n\t\t\t\t<figcaption class='wp-caption-text gallery-caption' id='gallery-1-1937'>\n\t\t\t\tEscalera de acceso al jard\u00edn desde el patio central. Tambi\u00e9n podr\u00e1s acceder al jard\u00edn desde la plata alta y directamente desde el exterior\n\t\t\t\t<\/figcaption><\/figure><figure class='gallery-item'>\n\t\t\t<div class='gallery-icon landscape'>\n\t\t\t\t<a data-elementor-open-lightbox=\"yes\" data-elementor-lightbox-slideshow=\"5e6d6c84\" data-elementor-lightbox-title=\"Casa de la Corte Octubre 2020 4BAJA\" data-e-action-hash=\"#elementor-action%3Aaction%3Dlightbox%26settings%3DeyJpZCI6MTQ0NywidXJsIjoiaHR0cHM6XC9cL2Nhc2FkZWxhY29ydGUuZXZvbHVjaW9uLmNlbnRlclwvd3AtY29udGVudFwvdXBsb2Fkc1wvMjAyMFwvMTBcL0Nhc2EtZGUtbGEtQ29ydGUtT2N0dWJyZS0yMDIwLTRCQUpBLmpwZyIsInNsaWRlc2hvdyI6IjVlNmQ2Yzg0In0%3D\" href='https:\/\/casadelacorte.evolucion.center\/wp-content\/uploads\/2020\/10\/Casa-de-la-Corte-Octubre-2020-4BAJA.jpg'><img loading=\"lazy\" decoding=\"async\" width=\"300\" height=\"169\" src=\"https:\/\/casadelacorte.evolucion.center\/wp-content\/uploads\/2020\/10\/Casa-de-la-Corte-Octubre-2020-4BAJA-300x169.jpg\" class=\"attachment-medium size-medium\" alt=\"\" aria-describedby=\"gallery-1-1447\" srcset=\"https:\/\/casadelacorte.evolucion.center\/wp-content\/uploads\/2020\/10\/Casa-de-la-Corte-Octubre-2020-4BAJA-300x169.jpg 300w, https:\/\/casadelacorte.evolucion.center\/wp-content\/uploads\/2020\/10\/Casa-de-la-Corte-Octubre-2020-4BAJA-768x432.jpg 768w, https:\/\/casadelacorte.evolucion.center\/wp-content\/uploads\/2020\/10\/Casa-de-la-Corte-Octubre-2020-4BAJA.jpg 1000w\" sizes=\"(max-width: 300px) 100vw, 300px\" \/><\/a>\n\t\t\t<\/div>\n\t\t\t\t<figcaption class='wp-caption-text gallery-caption' id='gallery-1-1447'>\n\t\t\t\tDetalle de un dormitorio\n\t\t\t\t<\/figcaption><\/figure><figure class='gallery-item'>\n\t\t\t<div class='gallery-icon landscape'>\n\t\t\t\t<a data-elementor-open-lightbox=\"yes\" data-elementor-lightbox-slideshow=\"5e6d6c84\" data-elementor-lightbox-title=\"detalle de un buerau\" data-e-action-hash=\"#elementor-action%3Aaction%3Dlightbox%26settings%3DeyJpZCI6MTQ2NSwidXJsIjoiaHR0cHM6XC9cL2Nhc2FkZWxhY29ydGUuZXZvbHVjaW9uLmNlbnRlclwvd3AtY29udGVudFwvdXBsb2Fkc1wvMjAyMFwvMTBcL0Nhc2EtZGUtbGEtQ29ydGUtT2N0dWJyZS0yMDIwLTIyQkFKQS5qcGciLCJzbGlkZXNob3ciOiI1ZTZkNmM4NCJ9\" href='https:\/\/casadelacorte.evolucion.center\/wp-content\/uploads\/2020\/10\/Casa-de-la-Corte-Octubre-2020-22BAJA.jpg'><img loading=\"lazy\" decoding=\"async\" width=\"300\" height=\"169\" src=\"https:\/\/casadelacorte.evolucion.center\/wp-content\/uploads\/2020\/10\/Casa-de-la-Corte-Octubre-2020-22BAJA-300x169.jpg\" class=\"attachment-medium size-medium\" alt=\"\" aria-describedby=\"gallery-1-1465\" srcset=\"https:\/\/casadelacorte.evolucion.center\/wp-content\/uploads\/2020\/10\/Casa-de-la-Corte-Octubre-2020-22BAJA-300x169.jpg 300w, https:\/\/casadelacorte.evolucion.center\/wp-content\/uploads\/2020\/10\/Casa-de-la-Corte-Octubre-2020-22BAJA-768x432.jpg 768w, https:\/\/casadelacorte.evolucion.center\/wp-content\/uploads\/2020\/10\/Casa-de-la-Corte-Octubre-2020-22BAJA.jpg 1000w\" sizes=\"(max-width: 300px) 100vw, 300px\" \/><\/a>\n\t\t\t<\/div>\n\t\t\t\t<figcaption class='wp-caption-text gallery-caption' id='gallery-1-1465'>\n\t\t\t\tMil y un detalles&#8230; en uno de los seis dormitorios\n\t\t\t\t<\/figcaption><\/figure><figure class='gallery-item'>\n\t\t\t<div class='gallery-icon landscape'>\n\t\t\t\t<a data-elementor-open-lightbox=\"yes\" data-elementor-lightbox-slideshow=\"5e6d6c84\" data-elementor-lightbox-title=\"Casa de la Corte Octubre 2020 11BAJA\" data-e-action-hash=\"#elementor-action%3Aaction%3Dlightbox%26settings%3DeyJpZCI6MTQ1NCwidXJsIjoiaHR0cHM6XC9cL2Nhc2FkZWxhY29ydGUuZXZvbHVjaW9uLmNlbnRlclwvd3AtY29udGVudFwvdXBsb2Fkc1wvMjAyMFwvMTBcL0Nhc2EtZGUtbGEtQ29ydGUtT2N0dWJyZS0yMDIwLTExQkFKQS5qcGciLCJzbGlkZXNob3ciOiI1ZTZkNmM4NCJ9\" href='https:\/\/casadelacorte.evolucion.center\/wp-content\/uploads\/2020\/10\/Casa-de-la-Corte-Octubre-2020-11BAJA.jpg'><img loading=\"lazy\" decoding=\"async\" width=\"300\" height=\"169\" src=\"https:\/\/casadelacorte.evolucion.center\/wp-content\/uploads\/2020\/10\/Casa-de-la-Corte-Octubre-2020-11BAJA-300x169.jpg\" class=\"attachment-medium size-medium\" alt=\"\" aria-describedby=\"gallery-1-1454\" srcset=\"https:\/\/casadelacorte.evolucion.center\/wp-content\/uploads\/2020\/10\/Casa-de-la-Corte-Octubre-2020-11BAJA-300x169.jpg 300w, https:\/\/casadelacorte.evolucion.center\/wp-content\/uploads\/2020\/10\/Casa-de-la-Corte-Octubre-2020-11BAJA-768x432.jpg 768w, https:\/\/casadelacorte.evolucion.center\/wp-content\/uploads\/2020\/10\/Casa-de-la-Corte-Octubre-2020-11BAJA.jpg 1000w\" sizes=\"(max-width: 300px) 100vw, 300px\" \/><\/a>\n\t\t\t<\/div>\n\t\t\t\t<figcaption class='wp-caption-text gallery-caption' id='gallery-1-1454'>\n\t\t\t\tDetalle de \u00abEl Salaero\u00bb\n\t\t\t\t<\/figcaption><\/figure><figure class='gallery-item'>\n\t\t\t<div class='gallery-icon landscape'>\n\t\t\t\t<a data-elementor-open-lightbox=\"yes\" data-elementor-lightbox-slideshow=\"5e6d6c84\" data-elementor-lightbox-title=\"DSCN66721000800\" data-e-action-hash=\"#elementor-action%3Aaction%3Dlightbox%26settings%3DeyJpZCI6MTU0MiwidXJsIjoiaHR0cHM6XC9cL2Nhc2FkZWxhY29ydGUuZXZvbHVjaW9uLmNlbnRlclwvd3AtY29udGVudFwvdXBsb2Fkc1wvMjAyMFwvMTBcL0RTQ042NjcyMTAwMDgwMC5qcGciLCJzbGlkZXNob3ciOiI1ZTZkNmM4NCJ9\" href='https:\/\/casadelacorte.evolucion.center\/wp-content\/uploads\/2020\/10\/DSCN66721000800.jpg'><img loading=\"lazy\" decoding=\"async\" width=\"300\" height=\"169\" src=\"https:\/\/casadelacorte.evolucion.center\/wp-content\/uploads\/2020\/10\/DSCN66721000800-300x169.jpg\" class=\"attachment-medium size-medium\" alt=\"\" aria-describedby=\"gallery-1-1542\" srcset=\"https:\/\/casadelacorte.evolucion.center\/wp-content\/uploads\/2020\/10\/DSCN66721000800-300x169.jpg 300w, https:\/\/casadelacorte.evolucion.center\/wp-content\/uploads\/2020\/10\/DSCN66721000800-768x432.jpg 768w, https:\/\/casadelacorte.evolucion.center\/wp-content\/uploads\/2020\/10\/DSCN66721000800.jpg 800w\" sizes=\"(max-width: 300px) 100vw, 300px\" \/><\/a>\n\t\t\t<\/div>\n\t\t\t\t<figcaption class='wp-caption-text gallery-caption' id='gallery-1-1542'>\n\t\t\t\tVistas desde la entrada al jard\u00edn\n\t\t\t\t<\/figcaption><\/figure><figure class='gallery-item'>\n\t\t\t<div class='gallery-icon landscape'>\n\t\t\t\t<a data-elementor-open-lightbox=\"yes\" data-elementor-lightbox-slideshow=\"5e6d6c84\" data-elementor-lightbox-title=\"DSCN66681000800\" data-e-action-hash=\"#elementor-action%3Aaction%3Dlightbox%26settings%3DeyJpZCI6MTU0MSwidXJsIjoiaHR0cHM6XC9cL2Nhc2FkZWxhY29ydGUuZXZvbHVjaW9uLmNlbnRlclwvd3AtY29udGVudFwvdXBsb2Fkc1wvMjAyMFwvMTBcL0RTQ042NjY4MTAwMDgwMC5qcGciLCJzbGlkZXNob3ciOiI1ZTZkNmM4NCJ9\" href='https:\/\/casadelacorte.evolucion.center\/wp-content\/uploads\/2020\/10\/DSCN66681000800.jpg'><img loading=\"lazy\" decoding=\"async\" width=\"300\" height=\"169\" src=\"https:\/\/casadelacorte.evolucion.center\/wp-content\/uploads\/2020\/10\/DSCN66681000800-300x169.jpg\" class=\"attachment-medium size-medium\" alt=\"\" aria-describedby=\"gallery-1-1541\" srcset=\"https:\/\/casadelacorte.evolucion.center\/wp-content\/uploads\/2020\/10\/DSCN66681000800-300x169.jpg 300w, https:\/\/casadelacorte.evolucion.center\/wp-content\/uploads\/2020\/10\/DSCN66681000800-768x432.jpg 768w, https:\/\/casadelacorte.evolucion.center\/wp-content\/uploads\/2020\/10\/DSCN66681000800.jpg 800w\" sizes=\"(max-width: 300px) 100vw, 300px\" \/><\/a>\n\t\t\t<\/div>\n\t\t\t\t<figcaption class='wp-caption-text gallery-caption' id='gallery-1-1541'>\n\t\t\t\tVistas de Corteconcepci\u00f3n\n\t\t\t\t<\/figcaption><\/figure><figure class='gallery-item'>\n\t\t\t<div class='gallery-icon landscape'>\n\t\t\t\t<a data-elementor-open-lightbox=\"yes\" data-elementor-lightbox-slideshow=\"5e6d6c84\" data-elementor-lightbox-title=\"Hospeder\u00eda de la Corte\" data-e-action-hash=\"#elementor-action%3Aaction%3Dlightbox%26settings%3DeyJpZCI6MTkzNSwidXJsIjoiaHR0cHM6XC9cL2Nhc2FkZWxhY29ydGUuZXZvbHVjaW9uLmNlbnRlclwvd3AtY29udGVudFwvdXBsb2Fkc1wvMjAyMlwvMTJcLzE2NzAzMTM4MzAwMDEuanBnIiwic2xpZGVzaG93IjoiNWU2ZDZjODQifQ%3D%3D\" href='https:\/\/casadelacorte.evolucion.center\/wp-content\/uploads\/2022\/12\/1670313830001.jpg'><img loading=\"lazy\" decoding=\"async\" width=\"300\" height=\"225\" src=\"https:\/\/casadelacorte.evolucion.center\/wp-content\/uploads\/2022\/12\/1670313830001-300x225.jpg\" class=\"attachment-medium size-medium\" alt=\"\" aria-describedby=\"gallery-1-1935\" srcset=\"https:\/\/casadelacorte.evolucion.center\/wp-content\/uploads\/2022\/12\/1670313830001-300x225.jpg 300w, https:\/\/casadelacorte.evolucion.center\/wp-content\/uploads\/2022\/12\/1670313830001-768x576.jpg 768w, https:\/\/casadelacorte.evolucion.center\/wp-content\/uploads\/2022\/12\/1670313830001.jpg 1024w\" sizes=\"(max-width: 300px) 100vw, 300px\" \/><\/a>\n\t\t\t<\/div>\n\t\t\t\t<figcaption class='wp-caption-text gallery-caption' id='gallery-1-1935'>\n\t\t\t\tDetalle de la fachada principal\n\t\t\t\t<\/figcaption><\/figure><figure class='gallery-item'>\n\t\t\t<div class='gallery-icon landscape'>\n\t\t\t\t<a data-elementor-open-lightbox=\"yes\" data-elementor-lightbox-slideshow=\"5e6d6c84\" data-elementor-lightbox-title=\"baja Calles La Casa de la Corte\" data-e-action-hash=\"#elementor-action%3Aaction%3Dlightbox%26settings%3DeyJpZCI6MTUyNCwidXJsIjoiaHR0cHM6XC9cL2Nhc2FkZWxhY29ydGUuZXZvbHVjaW9uLmNlbnRlclwvd3AtY29udGVudFwvdXBsb2Fkc1wvMjAyMFwvMTBcL2JhamEtQ2FsbGVzLUxhLUNhc2EtZGUtbGEtQ29ydGUuanBnIiwic2xpZGVzaG93IjoiNWU2ZDZjODQifQ%3D%3D\" href='https:\/\/casadelacorte.evolucion.center\/wp-content\/uploads\/2020\/10\/baja-Calles-La-Casa-de-la-Corte.jpg'><img loading=\"lazy\" decoding=\"async\" width=\"300\" height=\"169\" src=\"https:\/\/casadelacorte.evolucion.center\/wp-content\/uploads\/2020\/10\/baja-Calles-La-Casa-de-la-Corte-300x169.jpg\" class=\"attachment-medium size-medium\" alt=\"\" aria-describedby=\"gallery-1-1524\" srcset=\"https:\/\/casadelacorte.evolucion.center\/wp-content\/uploads\/2020\/10\/baja-Calles-La-Casa-de-la-Corte-300x169.jpg 300w, https:\/\/casadelacorte.evolucion.center\/wp-content\/uploads\/2020\/10\/baja-Calles-La-Casa-de-la-Corte-768x432.jpg 768w, https:\/\/casadelacorte.evolucion.center\/wp-content\/uploads\/2020\/10\/baja-Calles-La-Casa-de-la-Corte.jpg 1000w\" sizes=\"(max-width: 300px) 100vw, 300px\" \/><\/a>\n\t\t\t<\/div>\n\t\t\t\t<figcaption class='wp-caption-text gallery-caption' id='gallery-1-1524'>\n\t\t\t\tEste es el barrio donde se encuentra La Casa de la Corte\n\t\t\t\t<\/figcaption><\/figure><figure class='gallery-item'>\n\t\t\t<div class='gallery-icon landscape'>\n\t\t\t\t<a data-elementor-open-lightbox=\"yes\" data-elementor-lightbox-slideshow=\"5e6d6c84\" data-elementor-lightbox-title=\"DSCN66791000800\" data-e-action-hash=\"#elementor-action%3Aaction%3Dlightbox%26settings%3DeyJpZCI6MTU0NCwidXJsIjoiaHR0cHM6XC9cL2Nhc2FkZWxhY29ydGUuZXZvbHVjaW9uLmNlbnRlclwvd3AtY29udGVudFwvdXBsb2Fkc1wvMjAyMFwvMTBcL0RTQ042Njc5MTAwMDgwMC5qcGciLCJzbGlkZXNob3ciOiI1ZTZkNmM4NCJ9\" href='https:\/\/casadelacorte.evolucion.center\/wp-content\/uploads\/2020\/10\/DSCN66791000800.jpg'><img loading=\"lazy\" decoding=\"async\" width=\"300\" height=\"169\" src=\"https:\/\/casadelacorte.evolucion.center\/wp-content\/uploads\/2020\/10\/DSCN66791000800-300x169.jpg\" class=\"attachment-medium size-medium\" alt=\"\" aria-describedby=\"gallery-1-1544\" srcset=\"https:\/\/casadelacorte.evolucion.center\/wp-content\/uploads\/2020\/10\/DSCN66791000800-300x169.jpg 300w, https:\/\/casadelacorte.evolucion.center\/wp-content\/uploads\/2020\/10\/DSCN66791000800-768x432.jpg 768w, https:\/\/casadelacorte.evolucion.center\/wp-content\/uploads\/2020\/10\/DSCN66791000800.jpg 800w\" sizes=\"(max-width: 300px) 100vw, 300px\" \/><\/a>\n\t\t\t<\/div>\n\t\t\t\t<figcaption class='wp-caption-text gallery-caption' id='gallery-1-1544'>\n\t\t\t\tEste caballo tan bonito es nuestro vecino. Al fondo, La Casa de la Corte\n\t\t\t\t<\/figcaption><\/figure><figure class='gallery-item'>\n\t\t\t<div class='gallery-icon landscape'>\n\t\t\t\t<a data-elementor-open-lightbox=\"yes\" data-elementor-lightbox-slideshow=\"5e6d6c84\" data-elementor-lightbox-title=\"DSCN57571000800\" data-e-action-hash=\"#elementor-action%3Aaction%3Dlightbox%26settings%3DeyJpZCI6MTUzMCwidXJsIjoiaHR0cHM6XC9cL2Nhc2FkZWxhY29ydGUuZXZvbHVjaW9uLmNlbnRlclwvd3AtY29udGVudFwvdXBsb2Fkc1wvMjAyMFwvMTBcL0RTQ041NzU3MTAwMDgwMC5qcGciLCJzbGlkZXNob3ciOiI1ZTZkNmM4NCJ9\" href='https:\/\/casadelacorte.evolucion.center\/wp-content\/uploads\/2020\/10\/DSCN57571000800.jpg'><img loading=\"lazy\" decoding=\"async\" width=\"300\" height=\"169\" src=\"https:\/\/casadelacorte.evolucion.center\/wp-content\/uploads\/2020\/10\/DSCN57571000800-300x169.jpg\" class=\"attachment-medium size-medium\" alt=\"\" aria-describedby=\"gallery-1-1530\" srcset=\"https:\/\/casadelacorte.evolucion.center\/wp-content\/uploads\/2020\/10\/DSCN57571000800-300x169.jpg 300w, https:\/\/casadelacorte.evolucion.center\/wp-content\/uploads\/2020\/10\/DSCN57571000800-768x432.jpg 768w, https:\/\/casadelacorte.evolucion.center\/wp-content\/uploads\/2020\/10\/DSCN57571000800.jpg 800w\" sizes=\"(max-width: 300px) 100vw, 300px\" \/><\/a>\n\t\t\t<\/div>\n\t\t\t\t<figcaption class='wp-caption-text gallery-caption' id='gallery-1-1530'>\n\t\t\t\tNuestros vecinos. Desde el jard\u00edn &#8211; huerto de la Casa accedemos a esta dehesa\n\t\t\t\t<\/figcaption><\/figure>\n\t\t<\/div>\n\t\t<\/div>\n\t\t\t\t\t\t<\/div>\n\t\t\t\t<\/div>\n\t\t\t\t\t<\/div>\n\t\t<\/div>\n\t\t\t\t\t<\/div>\n\t\t<\/section>\n\t\t\t\t<\/div>\n\t\t","protected":false},"excerpt":{"rendered":"<p>El lugar imaginado El lugar perfecto para reuniones, son 80 m2 di\u00e1fanos El sal\u00f3n de billar&#8230; el de los grandes momentos! \u00a1Simplemente disfrutad! Sala de televisi\u00f3n Uno de los comedores Sal\u00f3n de eventos iluminado con l\u00e1mparas de sal El jard\u00edn es muy amplio y cuenta con muchos rincones, mesas, sof\u00e1s tipo child out&#8230; Dormitorio en [&hellip;]<\/p>\n","protected":false},"author":1,"featured_media":2220,"parent":0,"menu_order":0,"comment_status":"closed","ping_status":"closed","template":"elementor_canvas","meta":{"ocean_post_layout":"","ocean_both_sidebars_style":"","ocean_both_sidebars_content_width":0,"ocean_both_sidebars_sidebars_width":0,"ocean_sidebar":"0","ocean_second_sidebar":"0","ocean_disable_margins":"enable","ocean_add_body_class":"","ocean_shortcode_before_top_bar":"","ocean_shortcode_after_top_bar":"","ocean_shortcode_before_header":"","ocean_shortcode_after_header":"","ocean_has_shortcode":"","ocean_shortcode_after_title":"","ocean_shortcode_before_footer_widgets":"","ocean_shortcode_after_footer_widgets":"","ocean_shortcode_before_footer_bottom":"","ocean_shortcode_after_footer_bottom":"","ocean_display_top_bar":"on","ocean_display_header":"on","ocean_header_style":"","ocean_center_header_left_menu":"0","ocean_custom_header_template":"0","ocean_custom_logo":0,"ocean_custom_retina_logo":0,"ocean_custom_logo_max_width":0,"ocean_custom_logo_tablet_max_width":0,"ocean_custom_logo_mobile_max_width":0,"ocean_custom_logo_max_height":0,"ocean_custom_logo_tablet_max_height":0,"ocean_custom_logo_mobile_max_height":0,"ocean_header_custom_menu":"2","ocean_menu_typo_font_family":"0","ocean_menu_typo_font_subset":"","ocean_menu_typo_font_size":0,"ocean_menu_typo_font_size_tablet":0,"ocean_menu_typo_font_size_mobile":0,"ocean_menu_typo_font_size_unit":"px","ocean_menu_typo_font_weight":"","ocean_menu_typo_font_weight_tablet":"","ocean_menu_typo_font_weight_mobile":"","ocean_menu_typo_transform":"","ocean_menu_typo_transform_tablet":"","ocean_menu_typo_transform_mobile":"","ocean_menu_typo_line_height":0,"ocean_menu_typo_line_height_tablet":0,"ocean_menu_typo_line_height_mobile":0,"ocean_menu_typo_line_height_unit":"","ocean_menu_typo_spacing":0,"ocean_menu_typo_spacing_tablet":0,"ocean_menu_typo_spacing_mobile":0,"ocean_menu_typo_spacing_unit":"","ocean_menu_link_color":"","ocean_menu_link_color_hover":"","ocean_menu_link_color_active":"","ocean_menu_link_background":"","ocean_menu_link_hover_background":"","ocean_menu_link_active_background":"","ocean_menu_social_links_bg":"","ocean_menu_social_hover_links_bg":"","ocean_menu_social_links_color":"","ocean_menu_social_hover_links_color":"","ocean_disable_title":"default","ocean_disable_heading":"default","ocean_post_title":"","ocean_post_subheading":"","ocean_post_title_style":"","ocean_post_title_background_color":"","ocean_post_title_background":0,"ocean_post_title_bg_image_position":"","ocean_post_title_bg_image_attachment":"","ocean_post_title_bg_image_repeat":"","ocean_post_title_bg_image_size":"","ocean_post_title_height":0,"ocean_post_title_bg_overlay":0.5,"ocean_post_title_bg_overlay_color":"","ocean_disable_breadcrumbs":"default","ocean_breadcrumbs_color":"","ocean_breadcrumbs_separator_color":"","ocean_breadcrumbs_links_color":"","ocean_breadcrumbs_links_hover_color":"","ocean_display_footer_widgets":"default","ocean_display_footer_bottom":"default","ocean_custom_footer_template":"0","footnotes":""},"class_list":["post-1488","page","type-page","status-publish","has-post-thumbnail","hentry","entry","has-media"],"jetpack-related-posts":[{"id":2,"url":"https:\/\/casadelacorte.evolucion.center\/","url_meta":{"origin":1488,"position":0},"title":"Hospeder\u00eda de la Corte","author":"casadelacorte.evolucion.center","date":"25 de mayo de 2020","format":false,"excerpt":"\u00a1Bienvenidos! Hospeder\u00eda de la Corte Un hogar desde 1867 EL LUGAR IMAGINADO Reservar Habitaci\u00f3n La Hospeder\u00eda de la Corte ha sido galardonada con la Menci\u00f3n Especial del Jurado en los prestigiosos Premios World Sustainable Travel & Hospitality Awards 2024 en la categor\u00eda de Salud y Bienestar Sostenible La Hospeder\u00eda de\u2026","rel":"","context":"En \u00abSin categor\u00eda\u00bb","block_context":{"text":"Sin categor\u00eda","link":"https:\/\/casadelacorte.evolucion.center\/?cat=1"},"img":{"alt_text":"","src":"https:\/\/i0.wp.com\/casadelacorte.evolucion.center\/wp-content\/uploads\/2022\/12\/sala-de-billar-1-1.jpg?resize=350%2C200&ssl=1","width":350,"height":200},"classes":[]},{"id":76,"url":"https:\/\/casadelacorte.evolucion.center\/?page_id=76","url_meta":{"origin":1488,"position":1},"title":"C\u00f3mo llegar y qu\u00e9 hacer","author":"casadelacorte.evolucion.center","date":"26 de mayo de 2020","format":false,"excerpt":"Experiencias - prueba algo nuevo... descubre la Sierra de Aracena - Llegar es sencillo, lo dif\u00edcil ser\u00e1 regresar... HOSPEDER\u00cdA DE LA CORTE calle real, 4 corteconcepci\u00f3n 21209 huelva La voluntad de participar activamente en la conservaci\u00f3n de los valores y recursos tradicionales de la Sierra de Aracena forma parte del\u2026","rel":"","context":"Entrada similar","block_context":{"text":"Entrada similar","link":""},"img":{"alt_text":"","src":"https:\/\/i0.wp.com\/casadelacorte.evolucion.center\/wp-content\/uploads\/2022\/12\/Que-hacer-1-1.jpg?resize=350%2C200&ssl=1","width":350,"height":200},"classes":[]},{"id":84,"url":"https:\/\/casadelacorte.evolucion.center\/?page_id=84","url_meta":{"origin":1488,"position":2},"title":"Contacto","author":"casadelacorte.evolucion.center","date":"26 de mayo de 2020","format":false,"excerpt":"CONTACTO C\/ Real 4 CORTECONCEPCI\u00d3N 21209 Huelva 607 646 876 \/ 625 151 165 contacto@evolucion.center Hospederia de la corte Un hogar desde 1867 S\u00edguenos FACEBOOK TWITTER INSTAGRAM YOU TUBE MEN\u00da INICIO QU\u00c9 HACER RESERVAR BLOG Env\u00edanos un mensaje","rel":"","context":"Entrada similar","block_context":{"text":"Entrada similar","link":""},"img":{"alt_text":"","src":"https:\/\/i0.wp.com\/casadelacorte.evolucion.center\/wp-content\/uploads\/2020\/05\/five-stars.png?resize=350%2C200&ssl=1","width":350,"height":200},"classes":[]},{"id":742,"url":"https:\/\/casadelacorte.evolucion.center\/?page_id=742","url_meta":{"origin":1488,"position":3},"title":"Pie de p\u00e1gina","author":"casadelacorte.evolucion.center","date":"17 de junio de 2020","format":false,"excerpt":"CONTACTO C\/ Real 4 CORTECONCEPCI\u00d3N 21209 Huelva 607 646 876 \/ 625 151 165 contacto@evolucion.center Hospeder\u00eda de la Corte Un hogar desde 1867 S\u00edguenos FACEBOOK TWITTER INSTAGRAM YOU TUBE MEN\u00da INICIO QU\u00c9 HACER RESERVAR BLOG Env\u00edanos un mensaje","rel":"","context":"Entrada similar","block_context":{"text":"Entrada similar","link":""},"img":{"alt_text":"","src":"https:\/\/i0.wp.com\/casadelacorte.evolucion.center\/wp-content\/uploads\/2020\/05\/five-stars.png?resize=350%2C200&ssl=1","width":350,"height":200},"classes":[]},{"id":989,"url":"https:\/\/casadelacorte.evolucion.center\/?page_id=989","url_meta":{"origin":1488,"position":4},"title":"Consultar disponibilidad","author":"casadelacorte.evolucion.center","date":"21 de junio de 2020","format":false,"excerpt":"Consultar disponibilidad CONTACTO C\/ Real 4 CORTECONCEPCI\u00d3N 21209 Huelva 607 646 876 \/ 625 151 165 contacto@evolucion.center Hospeder\u00eda de la corte N\u00famero de Registro: CR\/HU\/00359 MEN\u00da INICIO QU\u00c9 HACER RESERVAR BLOG Env\u00edanos un mensaje","rel":"","context":"Entrada similar","block_context":{"text":"Entrada similar","link":""},"img":{"alt_text":"","src":"https:\/\/i0.wp.com\/casadelacorte.evolucion.center\/wp-content\/uploads\/2020\/05\/five-stars.png?resize=350%2C200&ssl=1","width":350,"height":200},"classes":[]}],"jetpack_sharing_enabled":true,"_links":{"self":[{"href":"https:\/\/casadelacorte.evolucion.center\/index.php?rest_route=\/wp\/v2\/pages\/1488","targetHints":{"allow":["GET"]}}],"collection":[{"href":"https:\/\/casadelacorte.evolucion.center\/index.php?rest_route=\/wp\/v2\/pages"}],"about":[{"href":"https:\/\/casadelacorte.evolucion.center\/index.php?rest_route=\/wp\/v2\/types\/page"}],"author":[{"embeddable":true,"href":"https:\/\/casadelacorte.evolucion.center\/index.php?rest_route=\/wp\/v2\/users\/1"}],"replies":[{"embeddable":true,"href":"https:\/\/casadelacorte.evolucion.center\/index.php?rest_route=%2Fwp%2Fv2%2Fcomments&post=1488"}],"version-history":[{"count":47,"href":"https:\/\/casadelacorte.evolucion.center\/index.php?rest_route=\/wp\/v2\/pages\/1488\/revisions"}],"predecessor-version":[{"id":2493,"href":"https:\/\/casadelacorte.evolucion.center\/index.php?rest_route=\/wp\/v2\/pages\/1488\/revisions\/2493"}],"wp:featuredmedia":[{"embeddable":true,"href":"https:\/\/casadelacorte.evolucion.center\/index.php?rest_route=\/wp\/v2\/media\/2220"}],"wp:attachment":[{"href":"https:\/\/casadelacorte.evolucion.center\/index.php?rest_route=%2Fwp%2Fv2%2Fmedia&parent=1488"}],"curies":[{"name":"wp","href":"https:\/\/api.w.org\/{rel}","templated":true}]}}